{"id":18847,"date":"2024-07-16T16:52:58","date_gmt":"2024-07-16T14:52:58","guid":{"rendered":"https:\/\/grandvisions.de\/?page_id=18847"},"modified":"2025-11-05T14:20:56","modified_gmt":"2025-11-05T13:20:56","slug":"messefotograf-caravan-salon-dusseldorf","status":"publish","type":"page","link":"https:\/\/grandvisions.de\/en\/messefotograf-caravan-salon-dusseldorf\/","title":{"rendered":"Messefotograf CARAVAN SALON D\u00fcsseldorf"},"content":{"rendered":"<div data-elementor-type=\"wp-page\" data-elementor-id=\"18847\" class=\"elementor elementor-18847\" data-elementor-post-type=\"page\">\n\t\t\t\t\t\t<section class=\"elementor-section elementor-top-section elementor-element elementor-element-3330f87b elementor-section-full_width elementor-section-height-default elementor-section-height-default\" data-id=\"3330f87b\" data-element_type=\"section\" data-e-type=\"section\" id=\"Video-Produktionen\">\n\t\t\t\t\t\t<div class=\"elementor-container elementor-column-gap-default\">\n\t\t\t\t\t<div class=\"elementor-column elementor-col-100 elementor-top-column elementor-element elementor-element-7b8d4a17\" data-id=\"7b8d4a17\" data-element_type=\"column\" data-e-type=\"column\">\n\t\t\t<div class=\"elementor-widget-wrap elementor-element-populated\">\n\t\t\t\t\t\t<div class=\"elementor-element elementor-element-22445724 elementor-widget elementor-widget-heading\" data-id=\"22445724\" data-element_type=\"widget\" data-e-type=\"widget\" data-widget_type=\"heading.default\">\n\t\t\t\t<div class=\"elementor-widget-container\">\n\t\t\t\t\t<h1 class=\"elementor-heading-title elementor-size-default translation-block\">FAIR PHOTOGRAPHER <br>CARAVAN SALON D\u00dcSSELDORF<\/h1>\t\t\t\t<\/div>\n\t\t\t\t<\/div>\n\t\t\t\t\t<\/div>\n\t\t<\/div>\n\t\t\t\t\t<\/div>\n\t\t<\/section>\n\t\t\t\t<section class=\"elementor-section elementor-top-section elementor-element elementor-element-a5fe815 elementor-section-full_width elementor-section-height-default elementor-section-height-default\" data-id=\"a5fe815\" data-element_type=\"section\" data-e-type=\"section\">\n\t\t\t\t\t\t<div class=\"elementor-container elementor-column-gap-default\">\n\t\t\t\t\t<div class=\"elementor-column elementor-col-100 elementor-top-column elementor-element elementor-element-28ea801\" data-id=\"28ea801\" data-element_type=\"column\" data-e-type=\"column\">\n\t\t\t<div class=\"elementor-widget-wrap elementor-element-populated\">\n\t\t\t\t\t\t<div class=\"elementor-element elementor-element-ed01fa1 elementor-widget elementor-widget-image\" data-id=\"ed01fa1\" data-element_type=\"widget\" data-e-type=\"widget\" data-widget_type=\"image.default\">\n\t\t\t\t<div class=\"elementor-widget-container\">\n\t\t\t\t\t\t\t\t\t\t\t\t\t\t\t<img fetchpriority=\"high\" decoding=\"async\" width=\"1920\" height=\"1080\" src=\"https:\/\/grandvisions.de\/wp-content\/uploads\/2023\/05\/Messe-Fotografie_Berlin_GRAND-VISIONS.jpg\" class=\"attachment-full size-full wp-image-15631\" alt=\"Messe-Fotografie_Berlin_GRAND-VISIONS\" srcset=\"https:\/\/grandvisions.de\/wp-content\/uploads\/2023\/05\/Messe-Fotografie_Berlin_GRAND-VISIONS.jpg 1920w, https:\/\/grandvisions.de\/wp-content\/uploads\/2023\/05\/Messe-Fotografie_Berlin_GRAND-VISIONS-500x281.jpg 500w, https:\/\/grandvisions.de\/wp-content\/uploads\/2023\/05\/Messe-Fotografie_Berlin_GRAND-VISIONS-1024x576.jpg 1024w, https:\/\/grandvisions.de\/wp-content\/uploads\/2023\/05\/Messe-Fotografie_Berlin_GRAND-VISIONS-768x432.jpg 768w, https:\/\/grandvisions.de\/wp-content\/uploads\/2023\/05\/Messe-Fotografie_Berlin_GRAND-VISIONS-1536x864.jpg 1536w\" sizes=\"(max-width: 1920px) 100vw, 1920px\" \/>\t\t\t\t\t\t\t\t\t\t\t\t\t\t\t<\/div>\n\t\t\t\t<\/div>\n\t\t\t\t\t<\/div>\n\t\t<\/div>\n\t\t\t\t\t<\/div>\n\t\t<\/section>\n\t\t\t\t<section class=\"elementor-section elementor-top-section elementor-element elementor-element-59a0f1a elementor-section-full_width elementor-section-height-default elementor-section-height-default\" data-id=\"59a0f1a\" data-element_type=\"section\" data-e-type=\"section\" id=\"Video-Produktionen\">\n\t\t\t\t\t\t<div class=\"elementor-container elementor-column-gap-default\">\n\t\t\t\t\t<div class=\"elementor-column elementor-col-100 elementor-top-column elementor-element elementor-element-320b1534\" data-id=\"320b1534\" data-element_type=\"column\" data-e-type=\"column\">\n\t\t\t<div class=\"elementor-widget-wrap elementor-element-populated\">\n\t\t\t\t\t\t<div class=\"elementor-element elementor-element-3c8e7d0f elementor-widget elementor-widget-heading\" data-id=\"3c8e7d0f\" data-element_type=\"widget\" data-e-type=\"widget\" data-widget_type=\"heading.default\">\n\t\t\t\t<div class=\"elementor-widget-container\">\n\t\t\t\t\t<h2 class=\"elementor-heading-title elementor-size-default translation-block\">YOUR FAIR PHOTOGRAPHER <br> AT THE CARAVAN SALON D\u00dcSSELDORF<\/h2>\t\t\t\t<\/div>\n\t\t\t\t<\/div>\n\t\t\t\t\t<\/div>\n\t\t<\/div>\n\t\t\t\t\t<\/div>\n\t\t<\/section>\n\t\t<div class=\"elementor-element elementor-element-24cdc398 e-flex e-con-boxed e-con e-parent\" data-id=\"24cdc398\" data-element_type=\"container\" data-e-type=\"container\">\n\t\t\t\t\t<div class=\"e-con-inner\">\n\t\t<div class=\"elementor-element elementor-element-7331ee12 e-con-full e-flex e-con e-child\" data-id=\"7331ee12\" data-element_type=\"container\" data-e-type=\"container\">\n\t\t\t\t<div class=\"elementor-element elementor-element-36db53cc elementor-widget elementor-widget-text-editor\" data-id=\"36db53cc\" data-element_type=\"widget\" data-e-type=\"widget\" data-widget_type=\"text-editor.default\">\n\t\t\t\t<div class=\"elementor-widget-container\">\n\t\t\t\t\t\t\t\t\t<p style=\"text-align: center;\">Your fair photographer at CARAVAN SALON D\u00fcsseldorf \u2013 We understand the importance of showcasing your brand perfectly and capturing unforgettable moments. With our extensive experience and passion for photography, we are the ideal partner for your trade show appearances.<\/p><p style=\"text-align: center;\" class=\"translation-block\">The CARAVAN SALON in D\u00fcsseldorf is the leading trade fair for motorhomes and caravans, taking place this year from August 31 to September 8. At GRAND VISIONS, we understand the significance of this event for your company. As trade show photographers, we capture the atmosphere, innovations, and excitement of this unique fair and present your company in the best possible light.<\/p><p style=\"text-align: center;\">At GRAND VISIONS, we place great emphasis on personalized service and tailored solutions. We take the time to thoroughly understand your vision and business goals to ensure that our photos authentically and effectively represent your brand. Your satisfaction is our top priority, and we continually strive to exceed your expectations. After the trade show, we carefully handle the post-processing of the images to optimize their quality. You will receive the finished photos promptly and in the highest resolution, allowing you to use them immediately for your marketing purposes. Our goal is to provide you with photographs that convey your message impressively and sustainably.<\/p><p style=\"text-align: center;\">Let's work together to make your appearance at CARAVAN SALON D\u00fcsseldorf a complete success. Contact us to learn more about our services as trade show photographers and how we can support you. We look forward to meeting you and taking your trade show presence to the next level.<\/p>\t\t\t\t\t\t\t\t<\/div>\n\t\t\t\t<\/div>\n\t\t\t\t<\/div>\n\t\t\t\t\t<\/div>\n\t\t\t\t<\/div>\n\t\t<div class=\"elementor-element elementor-element-14408e09 e-flex e-con-boxed e-con e-parent\" data-id=\"14408e09\" data-element_type=\"container\" data-e-type=\"container\" data-settings=\"{&quot;background_background&quot;:&quot;classic&quot;}\">\n\t\t\t\t\t<div class=\"e-con-inner\">\n\t\t\t\t<div class=\"elementor-element elementor-element-2d9c49fc elementor-widget elementor-widget-heading\" data-id=\"2d9c49fc\" data-element_type=\"widget\" data-e-type=\"widget\" data-widget_type=\"heading.default\">\n\t\t\t\t<div class=\"elementor-widget-container\">\n\t\t\t\t\t<h2 class=\"elementor-heading-title elementor-size-default\">More Than Just a Fair Photographer \u2013 Our Trade Fair Services<\/h2>\t\t\t\t<\/div>\n\t\t\t\t<\/div>\n\t\t<div class=\"elementor-element elementor-element-369a65a1 e-con-full e-flex e-con e-child\" data-id=\"369a65a1\" data-element_type=\"container\" data-e-type=\"container\">\n\t\t<div class=\"elementor-element elementor-element-527aca5 e-con-full e-flex e-con e-child\" data-id=\"527aca5\" data-element_type=\"container\" data-e-type=\"container\">\n\t\t\t\t<div class=\"elementor-element elementor-element-3f8c3efe elementor-widget elementor-widget-icon-box\" data-id=\"3f8c3efe\" data-element_type=\"widget\" data-e-type=\"widget\" data-settings=\"{&quot;_animation&quot;:&quot;none&quot;}\" data-widget_type=\"icon-box.default\">\n\t\t\t\t<div class=\"elementor-widget-container\">\n\t\t\t\t\t\t\t<div class=\"elementor-icon-box-wrapper\">\n\n\t\t\t\n\t\t\t\t\t\t<div class=\"elementor-icon-box-content\">\n\n\t\t\t\t\t\t\t\t\t<h4 class=\"elementor-icon-box-title\">\n\t\t\t\t\t\t<span  >\n\t\t\t\t\t\t\tHigh-quality Trade Fair Photos\t\t\t\t\t\t<\/span>\n\t\t\t\t\t<\/h4>\n\t\t\t\t\n\t\t\t\t\t\t\t\t\t<p class=\"elementor-icon-box-description\">\n\t\t\t\t\t\tWe capture the best moments and details of your trade fair to showcase your brand effectively.\t\t\t\t\t<\/p>\n\t\t\t\t\n\t\t\t<\/div>\n\t\t\t\n\t\t<\/div>\n\t\t\t\t\t\t<\/div>\n\t\t\t\t<\/div>\n\t\t\t\t<\/div>\n\t\t<div class=\"elementor-element elementor-element-4d6ac35e e-con-full e-flex e-con e-child\" data-id=\"4d6ac35e\" data-element_type=\"container\" data-e-type=\"container\">\n\t\t\t\t<div class=\"elementor-element elementor-element-5d72b8bb elementor-widget elementor-widget-icon-box\" data-id=\"5d72b8bb\" data-element_type=\"widget\" data-e-type=\"widget\" data-settings=\"{&quot;_animation&quot;:&quot;none&quot;,&quot;_animation_delay&quot;:&quot;200&quot;}\" data-widget_type=\"icon-box.default\">\n\t\t\t\t<div class=\"elementor-widget-container\">\n\t\t\t\t\t\t\t<div class=\"elementor-icon-box-wrapper\">\n\n\t\t\t\n\t\t\t\t\t\t<div class=\"elementor-icon-box-content\">\n\n\t\t\t\t\t\t\t\t\t<h4 class=\"elementor-icon-box-title\">\n\t\t\t\t\t\t<span  >\n\t\t\t\t\t\t\tProfessional Trade Fair Videos\t\t\t\t\t\t<\/span>\n\t\t\t\t\t<\/h4>\n\t\t\t\t\n\t\t\t\t\t\t\t\t\t<p class=\"elementor-icon-box-description\">\n\t\t\t\t\t\tImpressive videos that perfectly capture the dynamics and highlights of your booth and presentations.\t\t\t\t\t<\/p>\n\t\t\t\t\n\t\t\t<\/div>\n\t\t\t\n\t\t<\/div>\n\t\t\t\t\t\t<\/div>\n\t\t\t\t<\/div>\n\t\t\t\t<\/div>\n\t\t<div class=\"elementor-element elementor-element-5406c381 e-con-full e-flex e-con e-child\" data-id=\"5406c381\" data-element_type=\"container\" data-e-type=\"container\">\n\t\t\t\t<div class=\"elementor-element elementor-element-43192e97 elementor-widget elementor-widget-icon-box\" data-id=\"43192e97\" data-element_type=\"widget\" data-e-type=\"widget\" data-settings=\"{&quot;_animation&quot;:&quot;none&quot;,&quot;_animation_delay&quot;:&quot;400&quot;}\" data-widget_type=\"icon-box.default\">\n\t\t\t\t<div class=\"elementor-widget-container\">\n\t\t\t\t\t\t\t<div class=\"elementor-icon-box-wrapper\">\n\n\t\t\t\n\t\t\t\t\t\t<div class=\"elementor-icon-box-content\">\n\n\t\t\t\t\t\t\t\t\t<h4 class=\"elementor-icon-box-title\">\n\t\t\t\t\t\t<span  >\n\t\t\t\t\t\t\tImpressive Interviews\t\t\t\t\t\t<\/span>\n\t\t\t\t\t<\/h4>\n\t\t\t\t\n\t\t\t\t\t\t\t\t\t<p class=\"elementor-icon-box-description\">\n\t\t\t\t\t\tAuthentic interviews with industry experts and visitors that convey your message clearly and convincingly.\t\t\t\t\t<\/p>\n\t\t\t\t\n\t\t\t<\/div>\n\t\t\t\n\t\t<\/div>\n\t\t\t\t\t\t<\/div>\n\t\t\t\t<\/div>\n\t\t\t\t<\/div>\n\t\t<div class=\"elementor-element elementor-element-72142395 e-con-full e-flex e-con e-child\" data-id=\"72142395\" data-element_type=\"container\" data-e-type=\"container\">\n\t\t\t\t<div class=\"elementor-element elementor-element-14124267 elementor-widget elementor-widget-icon-box\" data-id=\"14124267\" data-element_type=\"widget\" data-e-type=\"widget\" data-settings=\"{&quot;_animation&quot;:&quot;none&quot;,&quot;_animation_delay&quot;:&quot;600&quot;}\" data-widget_type=\"icon-box.default\">\n\t\t\t\t<div class=\"elementor-widget-container\">\n\t\t\t\t\t\t\t<div class=\"elementor-icon-box-wrapper\">\n\n\t\t\t\n\t\t\t\t\t\t<div class=\"elementor-icon-box-content\">\n\n\t\t\t\t\t\t\t\t\t<h4 class=\"elementor-icon-box-title\">\n\t\t\t\t\t\t<span  >\n\t\t\t\t\t\t\tFast Data Delivery\t\t\t\t\t\t<\/span>\n\t\t\t\t\t<\/h4>\n\t\t\t\t\n\t\t\t\t\t\t\t\t\t<p class=\"elementor-icon-box-description\">\n\t\t\t\t\t\tTimely delivery of all edited photos and videos in the highest quality for your immediate use.\t\t\t\t\t<\/p>\n\t\t\t\t\n\t\t\t<\/div>\n\t\t\t\n\t\t<\/div>\n\t\t\t\t\t\t<\/div>\n\t\t\t\t<\/div>\n\t\t\t\t<\/div>\n\t\t\t\t<\/div>\n\t\t\t\t<div class=\"elementor-element elementor-element-37b9a60 elementor-align-center elementor-widget elementor-widget-button\" data-id=\"37b9a60\" data-element_type=\"widget\" data-e-type=\"widget\" data-widget_type=\"button.default\">\n\t\t\t\t<div class=\"elementor-widget-container\">\n\t\t\t\t\t\t\t\t\t<div class=\"elementor-button-wrapper\">\n\t\t\t\t\t<a class=\"elementor-button elementor-button-link elementor-size-sm\" href=\"https:\/\/grandvisions.de\/en\/messevideo\/\">\n\t\t\t\t\t\t<span class=\"elementor-button-content-wrapper\">\n\t\t\t\t\t\t\t\t\t<span class=\"elementor-button-text\">More About Our Trade Fair Videos<\/span>\n\t\t\t\t\t<\/span>\n\t\t\t\t\t<\/a>\n\t\t\t\t<\/div>\n\t\t\t\t\t\t\t\t<\/div>\n\t\t\t\t<\/div>\n\t\t\t\t\t<\/div>\n\t\t\t\t<\/div>\n\t\t\t\t<section class=\"elementor-section elementor-top-section elementor-element elementor-element-f69c363 elementor-section-full_width elementor-section-height-default elementor-section-height-default\" data-id=\"f69c363\" data-element_type=\"section\" data-e-type=\"section\">\n\t\t\t\t\t\t<div class=\"elementor-container elementor-column-gap-default\">\n\t\t\t\t\t<div class=\"elementor-column elementor-col-100 elementor-top-column elementor-element elementor-element-07702f6\" data-id=\"07702f6\" data-element_type=\"column\" data-e-type=\"column\">\n\t\t\t<div class=\"elementor-widget-wrap elementor-element-populated\">\n\t\t\t\t\t\t<div class=\"elementor-element elementor-element-f9483f2 elementor-widget elementor-widget-gallery\" data-id=\"f9483f2\" data-element_type=\"widget\" data-e-type=\"widget\" data-settings=\"{&quot;gallery_layout&quot;:&quot;masonry&quot;,&quot;columns&quot;:2,&quot;gap&quot;:{&quot;unit&quot;:&quot;px&quot;,&quot;size&quot;:5,&quot;sizes&quot;:[]},&quot;gap_tablet&quot;:{&quot;unit&quot;:&quot;px&quot;,&quot;size&quot;:5,&quot;sizes&quot;:[]},&quot;gap_mobile&quot;:{&quot;unit&quot;:&quot;px&quot;,&quot;size&quot;:5,&quot;sizes&quot;:[]},&quot;lazyload&quot;:&quot;yes&quot;,&quot;columns_tablet&quot;:2,&quot;columns_mobile&quot;:1}\" data-widget_type=\"gallery.default\">\n\t\t\t\t<div class=\"elementor-widget-container\">\n\t\t\t\t\t\t\t<div class=\"elementor-gallery__container\">\n\t\t\t\t\t\t\t<div class=\"e-gallery-item elementor-gallery-item\">\n\t\t\t\t\t<div class=\"e-gallery-image elementor-gallery-item__image\" data-thumbnail=\"https:\/\/grandvisions.de\/wp-content\/uploads\/2021\/04\/Messefotograf_Berlin_74.jpeg\" data-width=\"1000\" data-height=\"667\" aria-label=\"Messefotograf_Berlin\" role=\"img\" ><\/div>\n\t\t\t\t\t\t\t\t\t\t\t\t\t\t<\/div>\n\t\t\t\t\t\t\t<div class=\"e-gallery-item elementor-gallery-item\">\n\t\t\t\t\t<div class=\"e-gallery-image elementor-gallery-item__image\" data-thumbnail=\"https:\/\/grandvisions.de\/wp-content\/uploads\/2021\/04\/Messefotograf_Berlin_48.jpeg\" data-width=\"1000\" data-height=\"667\" aria-label=\"Messefotograf_Berlin\" role=\"img\" ><\/div>\n\t\t\t\t\t\t\t\t\t\t\t\t\t\t<\/div>\n\t\t\t\t\t\t\t<div class=\"e-gallery-item elementor-gallery-item\">\n\t\t\t\t\t<div class=\"e-gallery-image elementor-gallery-item__image\" data-thumbnail=\"https:\/\/grandvisions.de\/wp-content\/uploads\/2021\/04\/Messefotograf_Berlin_23.jpeg\" data-width=\"1000\" data-height=\"667\" aria-label=\"Messefotograf_Berlin\" role=\"img\" ><\/div>\n\t\t\t\t\t\t\t\t\t\t\t\t\t\t<\/div>\n\t\t\t\t\t\t\t<div class=\"e-gallery-item elementor-gallery-item\">\n\t\t\t\t\t<div class=\"e-gallery-image elementor-gallery-item__image\" data-thumbnail=\"https:\/\/grandvisions.de\/wp-content\/uploads\/2021\/04\/Messefotograf_Berlin_29.jpeg\" data-width=\"1000\" data-height=\"668\" aria-label=\"Messefotograf_Berlin\" role=\"img\" ><\/div>\n\t\t\t\t\t\t\t\t\t\t\t\t\t\t<\/div>\n\t\t\t\t\t\t\t<div class=\"e-gallery-item elementor-gallery-item\">\n\t\t\t\t\t<div class=\"e-gallery-image elementor-gallery-item__image\" data-thumbnail=\"https:\/\/grandvisions.de\/wp-content\/uploads\/2021\/04\/Messefotograf_Berlin_26.jpeg\" data-width=\"1000\" data-height=\"667\" aria-label=\"Messefotograf_Berlin\" role=\"img\" ><\/div>\n\t\t\t\t\t\t\t\t\t\t\t\t\t\t<\/div>\n\t\t\t\t\t\t\t<div class=\"e-gallery-item elementor-gallery-item\">\n\t\t\t\t\t<div class=\"e-gallery-image elementor-gallery-item__image\" data-thumbnail=\"https:\/\/grandvisions.de\/wp-content\/uploads\/2023\/12\/Messefotograf-Berlin_Messestand.jpg\" data-width=\"1500\" data-height=\"1000\" aria-label=\"Messefotograf-Berlin_Messestand\" role=\"img\" ><\/div>\n\t\t\t\t\t\t\t\t\t\t\t\t\t\t<\/div>\n\t\t\t\t\t\t\t<div class=\"e-gallery-item elementor-gallery-item\">\n\t\t\t\t\t<div class=\"e-gallery-image elementor-gallery-item__image\" data-thumbnail=\"https:\/\/grandvisions.de\/wp-content\/uploads\/2021\/04\/Messefotograf_Berlin_08.jpeg\" data-width=\"1000\" data-height=\"668\" aria-label=\"Messefotograf_Berlin\" role=\"img\" ><\/div>\n\t\t\t\t\t\t\t\t\t\t\t\t\t\t<\/div>\n\t\t\t\t\t\t\t<div class=\"e-gallery-item elementor-gallery-item\">\n\t\t\t\t\t<div class=\"e-gallery-image elementor-gallery-item__image\" data-thumbnail=\"https:\/\/grandvisions.de\/wp-content\/uploads\/2021\/04\/Messefotograf_Berlin_30.jpeg\" data-width=\"1000\" data-height=\"668\" aria-label=\"Messefotograf_Berlin\" role=\"img\" ><\/div>\n\t\t\t\t\t\t\t\t\t\t\t\t\t\t<\/div>\n\t\t\t\t\t\t\t<div class=\"e-gallery-item elementor-gallery-item\">\n\t\t\t\t\t<div class=\"e-gallery-image elementor-gallery-item__image\" data-thumbnail=\"https:\/\/grandvisions.de\/wp-content\/uploads\/2023\/12\/Messefotograf-Berlin_BCB-4.jpg\" data-width=\"1500\" data-height=\"1001\" aria-label=\"Eventfotograf_Berlin\" role=\"img\" ><\/div>\n\t\t\t\t\t\t\t\t\t\t\t\t\t\t<\/div>\n\t\t\t\t\t\t\t<div class=\"e-gallery-item elementor-gallery-item\">\n\t\t\t\t\t<div class=\"e-gallery-image elementor-gallery-item__image\" data-thumbnail=\"https:\/\/grandvisions.de\/wp-content\/uploads\/2021\/04\/Messefotograf_Berlin_17.jpeg\" data-width=\"1000\" data-height=\"668\" aria-label=\"Messefotograf_Berlin\" role=\"img\" ><\/div>\n\t\t\t\t\t\t\t\t\t\t\t\t\t\t<\/div>\n\t\t\t\t\t\t\t<div class=\"e-gallery-item elementor-gallery-item\">\n\t\t\t\t\t<div class=\"e-gallery-image elementor-gallery-item__image\" data-thumbnail=\"https:\/\/grandvisions.de\/wp-content\/uploads\/2021\/04\/Messefotograf_Berlin_43.jpeg\" data-width=\"1000\" data-height=\"668\" aria-label=\"Messefotograf_Berlin\" role=\"img\" ><\/div>\n\t\t\t\t\t\t\t\t\t\t\t\t\t\t<\/div>\n\t\t\t\t\t\t\t<div class=\"e-gallery-item elementor-gallery-item\">\n\t\t\t\t\t<div class=\"e-gallery-image elementor-gallery-item__image\" data-thumbnail=\"https:\/\/grandvisions.de\/wp-content\/uploads\/2021\/04\/Messefotograf_Berlin_07.jpeg\" data-width=\"1000\" data-height=\"667\" aria-label=\"Messefotograf_Berlin\" role=\"img\" ><\/div>\n\t\t\t\t\t\t\t\t\t\t\t\t\t\t<\/div>\n\t\t\t\t\t\t\t<div class=\"e-gallery-item elementor-gallery-item\">\n\t\t\t\t\t<div class=\"e-gallery-image elementor-gallery-item__image\" data-thumbnail=\"https:\/\/grandvisions.de\/wp-content\/uploads\/2023\/12\/Messefotograf-Berlin-1.jpg\" data-width=\"1500\" data-height=\"1000\" aria-label=\"Messefotograf-Berlin-1\" role=\"img\" ><\/div>\n\t\t\t\t\t\t\t\t\t\t\t\t\t\t<\/div>\n\t\t\t\t\t\t\t<div class=\"e-gallery-item elementor-gallery-item\">\n\t\t\t\t\t<div class=\"e-gallery-image elementor-gallery-item__image\" data-thumbnail=\"https:\/\/grandvisions.de\/wp-content\/uploads\/2023\/12\/Messefotograf-Berlin_Paris-2.jpg\" data-width=\"1500\" data-height=\"1000\" aria-label=\"\" role=\"img\" ><\/div>\n\t\t\t\t\t\t\t\t\t\t\t\t\t\t<\/div>\n\t\t\t\t\t\t\t<div class=\"e-gallery-item elementor-gallery-item\">\n\t\t\t\t\t<div class=\"e-gallery-image elementor-gallery-item__image\" data-thumbnail=\"https:\/\/grandvisions.de\/wp-content\/uploads\/2021\/04\/Messefotograf_Berlin_77.jpeg\" data-width=\"1000\" data-height=\"563\" aria-label=\"Messefotograf_Berlin\" role=\"img\" ><\/div>\n\t\t\t\t\t\t\t\t\t\t\t\t\t\t<\/div>\n\t\t\t\t\t\t\t<div class=\"e-gallery-item elementor-gallery-item\">\n\t\t\t\t\t<div class=\"e-gallery-image elementor-gallery-item__image\" data-thumbnail=\"https:\/\/grandvisions.de\/wp-content\/uploads\/2021\/04\/Messefotograf_Berlin_73.jpeg\" data-width=\"1000\" data-height=\"667\" aria-label=\"Messefotograf_Berlin\" role=\"img\" ><\/div>\n\t\t\t\t\t\t\t\t\t\t\t\t\t\t<\/div>\n\t\t\t\t\t\t\t<div class=\"e-gallery-item elementor-gallery-item\">\n\t\t\t\t\t<div class=\"e-gallery-image elementor-gallery-item__image\" data-thumbnail=\"https:\/\/grandvisions.de\/wp-content\/uploads\/2021\/04\/Messefotograf_Berlin_04.jpeg\" data-width=\"1000\" data-height=\"667\" aria-label=\"Messefotograf_Berlin\" role=\"img\" ><\/div>\n\t\t\t\t\t\t\t\t\t\t\t\t\t\t<\/div>\n\t\t\t\t\t\t\t<div class=\"e-gallery-item elementor-gallery-item\">\n\t\t\t\t\t<div class=\"e-gallery-image elementor-gallery-item__image\" data-thumbnail=\"https:\/\/grandvisions.de\/wp-content\/uploads\/2021\/04\/Messefotograf_Berlin_09.jpeg\" data-width=\"1000\" data-height=\"667\" aria-label=\"Messefotograf_Berlin\" role=\"img\" ><\/div>\n\t\t\t\t\t\t\t\t\t\t\t\t\t\t<\/div>\n\t\t\t\t\t\t\t<div class=\"e-gallery-item elementor-gallery-item\">\n\t\t\t\t\t<div class=\"e-gallery-image elementor-gallery-item__image\" data-thumbnail=\"https:\/\/grandvisions.de\/wp-content\/uploads\/2021\/04\/Messefotograf_Berlin_76.jpeg\" data-width=\"667\" data-height=\"1000\" aria-label=\"Messefotograf_Berlin\" role=\"img\" ><\/div>\n\t\t\t\t\t\t\t\t\t\t\t\t\t\t<\/div>\n\t\t\t\t\t\t\t<div class=\"e-gallery-item elementor-gallery-item\">\n\t\t\t\t\t<div class=\"e-gallery-image elementor-gallery-item__image\" data-thumbnail=\"https:\/\/grandvisions.de\/wp-content\/uploads\/2021\/04\/Messefotograf_Berlin_22.jpeg\" data-width=\"1000\" data-height=\"667\" aria-label=\"Messefotograf_Berlin\" role=\"img\" ><\/div>\n\t\t\t\t\t\t\t\t\t\t\t\t\t\t<\/div>\n\t\t\t\t\t\t\t<div class=\"e-gallery-item elementor-gallery-item\">\n\t\t\t\t\t<div class=\"e-gallery-image elementor-gallery-item__image\" data-thumbnail=\"https:\/\/grandvisions.de\/wp-content\/uploads\/2021\/04\/Messefotograf_Berlin_10.jpeg\" data-width=\"1000\" data-height=\"668\" aria-label=\"Messefotograf_Berlin\" role=\"img\" ><\/div>\n\t\t\t\t\t\t\t\t\t\t\t\t\t\t<\/div>\n\t\t\t\t\t\t\t<div class=\"e-gallery-item elementor-gallery-item\">\n\t\t\t\t\t<div class=\"e-gallery-image elementor-gallery-item__image\" data-thumbnail=\"https:\/\/grandvisions.de\/wp-content\/uploads\/2021\/04\/Messefotograf_Berlin_72.jpeg\" data-width=\"1000\" data-height=\"667\" aria-label=\"Messefotograf_Berlin\" role=\"img\" ><\/div>\n\t\t\t\t\t\t\t\t\t\t\t\t\t\t<\/div>\n\t\t\t\t\t\t\t<div class=\"e-gallery-item elementor-gallery-item\">\n\t\t\t\t\t<div class=\"e-gallery-image elementor-gallery-item__image\" data-thumbnail=\"https:\/\/grandvisions.de\/wp-content\/uploads\/2021\/04\/Messefotograf_Berlin_41.jpeg\" data-width=\"1000\" data-height=\"667\" aria-label=\"Messefotograf_Berlin\" role=\"img\" ><\/div>\n\t\t\t\t\t\t\t\t\t\t\t\t\t\t<\/div>\n\t\t\t\t\t\t\t<div class=\"e-gallery-item elementor-gallery-item\">\n\t\t\t\t\t<div class=\"e-gallery-image elementor-gallery-item__image\" data-thumbnail=\"https:\/\/grandvisions.de\/wp-content\/uploads\/2021\/04\/Messefotograf_Berlin_14.jpeg\" data-width=\"1000\" data-height=\"667\" aria-label=\"Messefotograf_Berlin\" role=\"img\" ><\/div>\n\t\t\t\t\t\t\t\t\t\t\t\t\t\t<\/div>\n\t\t\t\t\t\t\t<div class=\"e-gallery-item elementor-gallery-item\">\n\t\t\t\t\t<div class=\"e-gallery-image elementor-gallery-item__image\" data-thumbnail=\"https:\/\/grandvisions.de\/wp-content\/uploads\/2021\/04\/Messefotograf_Berlin_39.jpeg\" data-width=\"1000\" data-height=\"667\" aria-label=\"Messefotograf_Berlin\" role=\"img\" ><\/div>\n\t\t\t\t\t\t\t\t\t\t\t\t\t\t<\/div>\n\t\t\t\t\t\t\t<div class=\"e-gallery-item elementor-gallery-item\">\n\t\t\t\t\t<div class=\"e-gallery-image elementor-gallery-item__image\" data-thumbnail=\"https:\/\/grandvisions.de\/wp-content\/uploads\/2023\/12\/Messefotograf-Berlin-2.jpg\" data-width=\"1500\" data-height=\"1000\" aria-label=\"Messefotograf-Berlin-2\" role=\"img\" ><\/div>\n\t\t\t\t\t\t\t\t\t\t\t\t\t\t<\/div>\n\t\t\t\t\t\t\t<div class=\"e-gallery-item elementor-gallery-item\">\n\t\t\t\t\t<div class=\"e-gallery-image elementor-gallery-item__image\" data-thumbnail=\"https:\/\/grandvisions.de\/wp-content\/uploads\/2021\/04\/Messefotograf_Berlin_28.jpeg\" data-width=\"1000\" data-height=\"668\" aria-label=\"Messefotograf_Berlin\" role=\"img\" ><\/div>\n\t\t\t\t\t\t\t\t\t\t\t\t\t\t<\/div>\n\t\t\t\t\t\t\t<div class=\"e-gallery-item elementor-gallery-item\">\n\t\t\t\t\t<div class=\"e-gallery-image elementor-gallery-item__image\" data-thumbnail=\"https:\/\/grandvisions.de\/wp-content\/uploads\/2021\/04\/Messefotograf_Berlin_05.jpeg\" data-width=\"1000\" data-height=\"667\" aria-label=\"Messefotograf_Berlin\" role=\"img\" ><\/div>\n\t\t\t\t\t\t\t\t\t\t\t\t\t\t<\/div>\n\t\t\t\t\t\t\t<div class=\"e-gallery-item elementor-gallery-item\">\n\t\t\t\t\t<div class=\"e-gallery-image elementor-gallery-item__image\" data-thumbnail=\"https:\/\/grandvisions.de\/wp-content\/uploads\/2021\/04\/Messefotograf_Berlin_33.jpeg\" data-width=\"1000\" data-height=\"667\" aria-label=\"Messefotograf_Berlin\" role=\"img\" ><\/div>\n\t\t\t\t\t\t\t\t\t\t\t\t\t\t<\/div>\n\t\t\t\t\t\t\t<div class=\"e-gallery-item elementor-gallery-item\">\n\t\t\t\t\t<div class=\"e-gallery-image elementor-gallery-item__image\" data-thumbnail=\"https:\/\/grandvisions.de\/wp-content\/uploads\/2021\/04\/Messefotograf_Berlin_18.jpeg\" data-width=\"1000\" data-height=\"668\" aria-label=\"Messefotograf_Berlin\" role=\"img\" ><\/div>\n\t\t\t\t\t\t\t\t\t\t\t\t\t\t<\/div>\n\t\t\t\t\t\t\t<div class=\"e-gallery-item elementor-gallery-item\">\n\t\t\t\t\t<div class=\"e-gallery-image elementor-gallery-item__image\" data-thumbnail=\"https:\/\/grandvisions.de\/wp-content\/uploads\/2021\/04\/Messefotograf_Berlin_15.jpeg\" data-width=\"1000\" data-height=\"667\" aria-label=\"Messefotograf_Berlin\" role=\"img\" ><\/div>\n\t\t\t\t\t\t\t\t\t\t\t\t\t\t<\/div>\n\t\t\t\t\t\t\t<div class=\"e-gallery-item elementor-gallery-item\">\n\t\t\t\t\t<div class=\"e-gallery-image elementor-gallery-item__image\" data-thumbnail=\"https:\/\/grandvisions.de\/wp-content\/uploads\/2021\/04\/Messefotograf_Berlin_47.jpeg\" data-width=\"1000\" data-height=\"667\" aria-label=\"Messefotograf_Berlin\" role=\"img\" ><\/div>\n\t\t\t\t\t\t\t\t\t\t\t\t\t\t<\/div>\n\t\t\t\t\t\t\t<div class=\"e-gallery-item elementor-gallery-item\">\n\t\t\t\t\t<div class=\"e-gallery-image elementor-gallery-item__image\" data-thumbnail=\"https:\/\/grandvisions.de\/wp-content\/uploads\/2021\/04\/Messefotograf_Berlin_75.jpeg\" data-width=\"1000\" data-height=\"667\" aria-label=\"Messefotograf_Berlin\" role=\"img\" ><\/div>\n\t\t\t\t\t\t\t\t\t\t\t\t\t\t<\/div>\n\t\t\t\t\t\t\t<div class=\"e-gallery-item elementor-gallery-item\">\n\t\t\t\t\t<div class=\"e-gallery-image elementor-gallery-item__image\" data-thumbnail=\"https:\/\/grandvisions.de\/wp-content\/uploads\/2021\/04\/Messefotograf_Berlin_35.jpeg\" data-width=\"1000\" data-height=\"667\" aria-label=\"Messefotograf_Berlin\" role=\"img\" ><\/div>\n\t\t\t\t\t\t\t\t\t\t\t\t\t\t<\/div>\n\t\t\t\t\t\t\t<div class=\"e-gallery-item elementor-gallery-item\">\n\t\t\t\t\t<div class=\"e-gallery-image elementor-gallery-item__image\" data-thumbnail=\"https:\/\/grandvisions.de\/wp-content\/uploads\/2021\/04\/Messefotograf_Berlin_03.jpeg\" data-width=\"1000\" data-height=\"667\" aria-label=\"Messefotograf_Berlin\" role=\"img\" ><\/div>\n\t\t\t\t\t\t\t\t\t\t\t\t\t\t<\/div>\n\t\t\t\t\t\t\t<div class=\"e-gallery-item elementor-gallery-item\">\n\t\t\t\t\t<div class=\"e-gallery-image elementor-gallery-item__image\" data-thumbnail=\"https:\/\/grandvisions.de\/wp-content\/uploads\/2023\/12\/Messefotograf-Berlin-3.jpg\" data-width=\"1500\" data-height=\"1000\" aria-label=\"Messefotograf-Berlin-3\" role=\"img\" ><\/div>\n\t\t\t\t\t\t\t\t\t\t\t\t\t\t<\/div>\n\t\t\t\t\t\t\t<div class=\"e-gallery-item elementor-gallery-item\">\n\t\t\t\t\t<div class=\"e-gallery-image elementor-gallery-item__image\" data-thumbnail=\"https:\/\/grandvisions.de\/wp-content\/uploads\/2021\/04\/Messefotograf_Berlin_40.jpeg\" data-width=\"1000\" data-height=\"667\" aria-label=\"Messefotograf_Berlin\" role=\"img\" ><\/div>\n\t\t\t\t\t\t\t\t\t\t\t\t\t\t<\/div>\n\t\t\t\t\t\t\t<div class=\"e-gallery-item elementor-gallery-item\">\n\t\t\t\t\t<div class=\"e-gallery-image elementor-gallery-item__image\" data-thumbnail=\"https:\/\/grandvisions.de\/wp-content\/uploads\/2021\/04\/Messefotograf_Berlin_78.jpeg\" data-width=\"1000\" data-height=\"667\" aria-label=\"Messefotograf_Berlin\" role=\"img\" ><\/div>\n\t\t\t\t\t\t\t\t\t\t\t\t\t\t<\/div>\n\t\t\t\t\t\t\t<div class=\"e-gallery-item elementor-gallery-item\">\n\t\t\t\t\t<div class=\"e-gallery-image elementor-gallery-item__image\" data-thumbnail=\"https:\/\/grandvisions.de\/wp-content\/uploads\/2021\/04\/Messefotograf_Berlin_27.jpeg\" data-width=\"1000\" data-height=\"667\" aria-label=\"Messefotograf_Berlin\" role=\"img\" ><\/div>\n\t\t\t\t\t\t\t\t\t\t\t\t\t\t<\/div>\n\t\t\t\t\t\t\t<div class=\"e-gallery-item elementor-gallery-item\">\n\t\t\t\t\t<div class=\"e-gallery-image elementor-gallery-item__image\" data-thumbnail=\"https:\/\/grandvisions.de\/wp-content\/uploads\/2021\/04\/Messefotograf_Berlin_71.jpeg\" data-width=\"1000\" data-height=\"667\" aria-label=\"Messefotograf_Berlin\" role=\"img\" ><\/div>\n\t\t\t\t\t\t\t\t\t\t\t\t\t\t<\/div>\n\t\t\t\t\t\t\t<div class=\"e-gallery-item elementor-gallery-item\">\n\t\t\t\t\t<div class=\"e-gallery-image elementor-gallery-item__image\" data-thumbnail=\"https:\/\/grandvisions.de\/wp-content\/uploads\/2021\/04\/Messefotograf_Berlin_16.jpeg\" data-width=\"1000\" data-height=\"667\" aria-label=\"Messefotograf_Berlin\" role=\"img\" ><\/div>\n\t\t\t\t\t\t\t\t\t\t\t\t\t\t<\/div>\n\t\t\t\t\t\t\t<div class=\"e-gallery-item elementor-gallery-item\">\n\t\t\t\t\t<div class=\"e-gallery-image elementor-gallery-item__image\" data-thumbnail=\"https:\/\/grandvisions.de\/wp-content\/uploads\/2021\/04\/Messefotograf_Berlin_19.jpeg\" data-width=\"1000\" data-height=\"667\" aria-label=\"Messefotograf_Berlin\" role=\"img\" ><\/div>\n\t\t\t\t\t\t\t\t\t\t\t\t\t\t<\/div>\n\t\t\t\t\t\t\t<div class=\"e-gallery-item elementor-gallery-item\">\n\t\t\t\t\t<div class=\"e-gallery-image elementor-gallery-item__image\" data-thumbnail=\"https:\/\/grandvisions.de\/wp-content\/uploads\/2021\/04\/Messefotograf_Berlin_24.jpeg\" data-width=\"1000\" data-height=\"667\" aria-label=\"Messefotograf_Berlin\" role=\"img\" ><\/div>\n\t\t\t\t\t\t\t\t\t\t\t\t\t\t<\/div>\n\t\t\t\t\t\t\t<div class=\"e-gallery-item elementor-gallery-item\">\n\t\t\t\t\t<div class=\"e-gallery-image elementor-gallery-item__image\" data-thumbnail=\"https:\/\/grandvisions.de\/wp-content\/uploads\/2021\/04\/Messefotograf_Berlin_12.jpeg\" data-width=\"1000\" data-height=\"668\" aria-label=\"Messefotograf_Berlin\" role=\"img\" ><\/div>\n\t\t\t\t\t\t\t\t\t\t\t\t\t\t<\/div>\n\t\t\t\t\t\t\t<div class=\"e-gallery-item elementor-gallery-item\">\n\t\t\t\t\t<div class=\"e-gallery-image elementor-gallery-item__image\" data-thumbnail=\"https:\/\/grandvisions.de\/wp-content\/uploads\/2021\/04\/Messefotograf_Berlin_34.jpeg\" data-width=\"1000\" data-height=\"668\" aria-label=\"Messefotograf_Berlin\" role=\"img\" ><\/div>\n\t\t\t\t\t\t\t\t\t\t\t\t\t\t<\/div>\n\t\t\t\t\t<\/div>\n\t\t\t\t\t<\/div>\n\t\t\t\t<\/div>\n\t\t\t\t\t<\/div>\n\t\t<\/div>\n\t\t\t\t\t<\/div>\n\t\t<\/section>\n\t\t\t\t<section class=\"elementor-section elementor-top-section elementor-element elementor-element-f44a25e elementor-section-boxed elementor-section-height-default elementor-section-height-default\" data-id=\"f44a25e\" data-element_type=\"section\" data-e-type=\"section\">\n\t\t\t\t\t\t<div class=\"elementor-container elementor-column-gap-default\">\n\t\t\t\t\t<div class=\"elementor-column elementor-col-100 elementor-top-column elementor-element elementor-element-dee0775\" data-id=\"dee0775\" data-element_type=\"column\" data-e-type=\"column\">\n\t\t\t<div class=\"elementor-widget-wrap elementor-element-populated\">\n\t\t\t\t\t\t<div class=\"elementor-element elementor-element-e317dde elementor-widget elementor-widget-heading\" data-id=\"e317dde\" data-element_type=\"widget\" data-e-type=\"widget\" data-widget_type=\"heading.default\">\n\t\t\t\t<div class=\"elementor-widget-container\">\n\t\t\t\t\t<h2 class=\"elementor-heading-title elementor-size-default\">Unique Moments of CARAVAN SALON Captured by Us<\/h2>\t\t\t\t<\/div>\n\t\t\t\t<\/div>\n\t\t\t\t\t<\/div>\n\t\t<\/div>\n\t\t\t\t\t<\/div>\n\t\t<\/section>\n\t\t<div class=\"elementor-element elementor-element-80ab11c e-flex e-con-boxed e-con e-parent\" data-id=\"80ab11c\" data-element_type=\"container\" data-e-type=\"container\">\n\t\t\t\t\t<div class=\"e-con-inner\">\n\t\t<div class=\"elementor-element elementor-element-154a9ff e-con-full e-flex e-con e-child\" data-id=\"154a9ff\" data-element_type=\"container\" data-e-type=\"container\">\n\t\t\t\t<div class=\"elementor-element elementor-element-f81fd73 elementor-widget elementor-widget-text-editor\" data-id=\"f81fd73\" data-element_type=\"widget\" data-e-type=\"widget\" data-widget_type=\"text-editor.default\">\n\t\t\t\t<div class=\"elementor-widget-container\">\n\t\t\t\t\t\t\t\t\t<p style=\"text-align: center;\">Experience CARAVAN SALON D\u00fcsseldorf from a unique perspective! As your trade show photographer, we capture the captivating atmosphere and dynamics of the event. With our expertise, we ensure that the most exciting moments and innovative stands are documented in impressive images that make your brand unforgettable.<\/p>\n<p style=\"text-align: center;\">Our experienced photographers are well-prepared to document the diversity of CARAVAN SALON D\u00fcsseldorf\u2014from captivating product presentations to enthusiastic visitors. With a keen eye for detail and perfect timing, we create photos that convey your message clearly and effectively. Together, we tell your success story through expressive images.<\/p>\n<p style=\"text-align: center;\">Our professional approach ensures that your photos excel both technically and artistically. We are flexible and adapt to your individual needs, always delivering on time. Trust our experience and passion to elevate your trade show presence to the next level.<\/p>\t\t\t\t\t\t\t\t<\/div>\n\t\t\t\t<\/div>\n\t\t<div class=\"elementor-element elementor-element-b2e46d5 e-con-full e-flex e-con e-child\" data-id=\"b2e46d5\" data-element_type=\"container\" data-e-type=\"container\">\n\t\t\t\t<div class=\"elementor-element elementor-element-040aab2 elementor-align-justify elementor-widget elementor-widget-button\" data-id=\"040aab2\" data-element_type=\"widget\" data-e-type=\"widget\" data-widget_type=\"button.default\">\n\t\t\t\t<div class=\"elementor-widget-container\">\n\t\t\t\t\t\t\t\t\t<div class=\"elementor-button-wrapper\">\n\t\t\t\t\t<a class=\"elementor-button elementor-button-link elementor-size-sm\" href=\"https:\/\/grandvisions.de\/en\/kontakt\/\" target=\"_blank\">\n\t\t\t\t\t\t<span class=\"elementor-button-content-wrapper\">\n\t\t\t\t\t\t\t\t\t<span class=\"elementor-button-text\">WE ARE HAPPY TO PROVIDE YOU!<\/span>\n\t\t\t\t\t<\/span>\n\t\t\t\t\t<\/a>\n\t\t\t\t<\/div>\n\t\t\t\t\t\t\t\t<\/div>\n\t\t\t\t<\/div>\n\t\t\t\t<\/div>\n\t\t\t\t<\/div>\n\t\t\t\t\t<\/div>\n\t\t\t\t<\/div>\n\t\t\t\t<section class=\"elementor-section elementor-top-section elementor-element elementor-element-1c7c9401 elementor-section-boxed elementor-section-height-default elementor-section-height-default\" data-id=\"1c7c9401\" data-element_type=\"section\" data-e-type=\"section\">\n\t\t\t\t\t\t<div class=\"elementor-container elementor-column-gap-default\">\n\t\t\t\t\t<div class=\"elementor-column elementor-col-25 elementor-top-column elementor-element elementor-element-2a903f84\" data-id=\"2a903f84\" data-element_type=\"column\" data-e-type=\"column\">\n\t\t\t<div class=\"elementor-widget-wrap\">\n\t\t\t\t\t\t\t<\/div>\n\t\t<\/div>\n\t\t\t\t<div class=\"elementor-column elementor-col-25 elementor-top-column elementor-element elementor-element-47f07717\" data-id=\"47f07717\" data-element_type=\"column\" data-e-type=\"column\">\n\t\t\t<div class=\"elementor-widget-wrap elementor-element-populated\">\n\t\t\t\t\t\t<div class=\"elementor-element elementor-element-24e8330 elementor-widget elementor-widget-heading\" data-id=\"24e8330\" data-element_type=\"widget\" data-e-type=\"widget\" data-widget_type=\"heading.default\">\n\t\t\t\t<div class=\"elementor-widget-container\">\n\t\t\t\t\t<h3 class=\"elementor-heading-title elementor-size-default\"><a href=\"https:\/\/grandvisions.de\/en\/fotograf-berlin\/\">Other photography services<\/a><\/h3>\t\t\t\t<\/div>\n\t\t\t\t<\/div>\n\t\t\t\t\t<\/div>\n\t\t<\/div>\n\t\t\t\t<div class=\"elementor-column elementor-col-25 elementor-top-column elementor-element elementor-element-2a23f283\" data-id=\"2a23f283\" data-element_type=\"column\" data-e-type=\"column\">\n\t\t\t<div class=\"elementor-widget-wrap elementor-element-populated\">\n\t\t\t\t\t\t<div class=\"elementor-element elementor-element-7bae00a elementor-widget elementor-widget-image\" data-id=\"7bae00a\" data-element_type=\"widget\" data-e-type=\"widget\" data-widget_type=\"image.default\">\n\t\t\t\t<div class=\"elementor-widget-container\">\n\t\t\t\t\t\t\t\t\t\t\t\t\t\t\t\t<a href=\"https:\/\/grandvisions.de\/en\/fotograf-berlin\/\">\n\t\t\t\t\t\t\t<img decoding=\"async\" width=\"298\" height=\"298\" src=\"https:\/\/grandvisions.de\/wp-content\/uploads\/2023\/05\/Anfuehrungszeichen-grau_rechts.png\" class=\"attachment-thumbnail size-thumbnail wp-image-15821\" alt=\"\" \/>\t\t\t\t\t\t\t\t<\/a>\n\t\t\t\t\t\t\t\t\t\t\t\t\t\t\t<\/div>\n\t\t\t\t<\/div>\n\t\t\t\t\t<\/div>\n\t\t<\/div>\n\t\t\t\t<div class=\"elementor-column elementor-col-25 elementor-top-column elementor-element elementor-element-27d54ea8\" data-id=\"27d54ea8\" data-element_type=\"column\" data-e-type=\"column\">\n\t\t\t<div class=\"elementor-widget-wrap\">\n\t\t\t\t\t\t\t<\/div>\n\t\t<\/div>\n\t\t\t\t\t<\/div>\n\t\t<\/section>\n\t\t\t\t<\/div>","protected":false},"excerpt":{"rendered":"<p>MESSEFOTOGRAF CARAVAN SALON D\u00dcSSELDORF DEIN MESSEFOTOGRAF AUF DEM CARAVAN SALON IN D\u00dcSSELDORF Dein Messefotograf auf dem CARAVAN SALON D\u00fcsseldorf \u2013 Wir wissen, wie wichtig es ist, Deine Marke perfekt in Szene zu setzen und unvergessliche Momente einzufangen. Mit unserer langj\u00e4hrigen Erfahrung und Leidenschaft f\u00fcr die Fotografie sind wir der ideale Partner f\u00fcr Deine Messeauftritte. Der [&hellip;]<\/p>\n","protected":false},"author":8,"featured_media":9687,"parent":0,"menu_order":15,"comment_status":"closed","ping_status":"closed","template":"","meta":{"footnotes":""},"class_list":["post-18847","page","type-page","status-publish","has-post-thumbnail","hentry"],"yoast_head":"<!-- This site is optimized with the Yoast SEO plugin v27.5 - https:\/\/yoast.com\/product\/yoast-seo-wordpress\/ -->\n<title>Messefotograf auf dem CARAVAN SALON in D\u00fcsseldorf<\/title>\n<meta name=\"description\" content=\"Messefotograf auf dem CARAVAN SALON in D\u00fcsseldorf. Vertraue auf 20 Jahre Erfahrung in der Messefotografie. Ruf uns an: +49 30 4280 9999\" \/>\n<meta name=\"robots\" content=\"index, follow, max-snippet:-1, max-image-preview:large, max-video-preview:-1\" \/>\n<link rel=\"canonical\" href=\"https:\/\/grandvisions.de\/en\/messefotograf-caravan-salon-dusseldorf\/\" \/>\n<meta property=\"og:locale\" content=\"en_US\" \/>\n<meta property=\"og:type\" content=\"article\" \/>\n<meta property=\"og:title\" content=\"Messefotograf auf dem CARAVAN SALON in D\u00fcsseldorf\" \/>\n<meta property=\"og:description\" content=\"Messefotograf auf dem CARAVAN SALON in D\u00fcsseldorf. Vertraue auf 20 Jahre Erfahrung in der Messefotografie. Ruf uns an: +49 30 4280 9999\" \/>\n<meta property=\"og:url\" content=\"https:\/\/grandvisions.de\/en\/messefotograf-caravan-salon-dusseldorf\/\" \/>\n<meta property=\"og:site_name\" content=\"Fotografie und Videoproduktion in Berlin &amp; Hamburg\" \/>\n<meta property=\"article:publisher\" content=\"https:\/\/www.facebook.com\/GRAND.VISIONS.FOTOGRAFIE.BERLIN\" \/>\n<meta property=\"article:modified_time\" content=\"2025-11-05T13:20:56+00:00\" \/>\n<meta property=\"og:image\" content=\"https:\/\/grandvisions.de\/wp-content\/uploads\/2021\/04\/Messefotograf_Berlin_04.jpeg\" \/>\n\t<meta property=\"og:image:width\" content=\"1000\" \/>\n\t<meta property=\"og:image:height\" content=\"667\" \/>\n\t<meta property=\"og:image:type\" content=\"image\/jpeg\" \/>\n<meta name=\"twitter:card\" content=\"summary_large_image\" \/>\n<meta name=\"twitter:label1\" content=\"Est. reading time\" \/>\n\t<meta name=\"twitter:data1\" content=\"3 minutes\" \/>\n<script type=\"application\/ld+json\" class=\"yoast-schema-graph\">{\"@context\":\"https:\\\/\\\/schema.org\",\"@graph\":[{\"@type\":\"WebPage\",\"@id\":\"https:\\\/\\\/grandvisions.de\\\/messefotograf-caravan-salon-dusseldorf\\\/\",\"url\":\"https:\\\/\\\/grandvisions.de\\\/messefotograf-caravan-salon-dusseldorf\\\/\",\"name\":\"Messefotograf auf dem CARAVAN SALON in D\u00fcsseldorf\",\"isPartOf\":{\"@id\":\"https:\\\/\\\/grandvisions.de\\\/#website\"},\"primaryImageOfPage\":{\"@id\":\"https:\\\/\\\/grandvisions.de\\\/messefotograf-caravan-salon-dusseldorf\\\/#primaryimage\"},\"image\":{\"@id\":\"https:\\\/\\\/grandvisions.de\\\/messefotograf-caravan-salon-dusseldorf\\\/#primaryimage\"},\"thumbnailUrl\":\"https:\\\/\\\/grandvisions.de\\\/wp-content\\\/uploads\\\/2021\\\/04\\\/Messefotograf_Berlin_04.jpeg\",\"datePublished\":\"2024-07-16T14:52:58+00:00\",\"dateModified\":\"2025-11-05T13:20:56+00:00\",\"description\":\"Messefotograf auf dem CARAVAN SALON in D\u00fcsseldorf. Vertraue auf 20 Jahre Erfahrung in der Messefotografie. Ruf uns an: +49 30 4280 9999\",\"breadcrumb\":{\"@id\":\"https:\\\/\\\/grandvisions.de\\\/messefotograf-caravan-salon-dusseldorf\\\/#breadcrumb\"},\"inLanguage\":\"en-US\",\"potentialAction\":[{\"@type\":\"ReadAction\",\"target\":[\"https:\\\/\\\/grandvisions.de\\\/messefotograf-caravan-salon-dusseldorf\\\/\"]}]},{\"@type\":\"ImageObject\",\"inLanguage\":\"en-US\",\"@id\":\"https:\\\/\\\/grandvisions.de\\\/messefotograf-caravan-salon-dusseldorf\\\/#primaryimage\",\"url\":\"https:\\\/\\\/grandvisions.de\\\/wp-content\\\/uploads\\\/2021\\\/04\\\/Messefotograf_Berlin_04.jpeg\",\"contentUrl\":\"https:\\\/\\\/grandvisions.de\\\/wp-content\\\/uploads\\\/2021\\\/04\\\/Messefotograf_Berlin_04.jpeg\",\"width\":1000,\"height\":667,\"caption\":\"Messefotograf_Berlin\"},{\"@type\":\"BreadcrumbList\",\"@id\":\"https:\\\/\\\/grandvisions.de\\\/messefotograf-caravan-salon-dusseldorf\\\/#breadcrumb\",\"itemListElement\":[{\"@type\":\"ListItem\",\"position\":1,\"name\":\"Home\",\"item\":\"https:\\\/\\\/grandvisions.de\\\/\"},{\"@type\":\"ListItem\",\"position\":2,\"name\":\"Messefotograf CARAVAN SALON D\u00fcsseldorf\"}]},{\"@type\":\"WebSite\",\"@id\":\"https:\\\/\\\/grandvisions.de\\\/#website\",\"url\":\"https:\\\/\\\/grandvisions.de\\\/\",\"name\":\"Fotografie und Videoproduktion in Berlin & Hamburg\",\"description\":\"Professionelle Foto- &amp; Videoproduktionen\",\"publisher\":{\"@id\":\"https:\\\/\\\/grandvisions.de\\\/#organization\"},\"alternateName\":\"GRAND VISIONS\",\"potentialAction\":[{\"@type\":\"SearchAction\",\"target\":{\"@type\":\"EntryPoint\",\"urlTemplate\":\"https:\\\/\\\/grandvisions.de\\\/?s={search_term_string}\"},\"query-input\":{\"@type\":\"PropertyValueSpecification\",\"valueRequired\":true,\"valueName\":\"search_term_string\"}}],\"inLanguage\":\"en-US\"},{\"@type\":\"Organization\",\"@id\":\"https:\\\/\\\/grandvisions.de\\\/#organization\",\"name\":\"Fotografie und Videoproduktion in Berlin & Hamburg\",\"alternateName\":\"GRAND VISIONS\",\"url\":\"https:\\\/\\\/grandvisions.de\\\/\",\"logo\":{\"@type\":\"ImageObject\",\"inLanguage\":\"en-US\",\"@id\":\"https:\\\/\\\/grandvisions.de\\\/#\\\/schema\\\/logo\\\/image\\\/\",\"url\":\"https:\\\/\\\/grandvisions.de\\\/wp-content\\\/uploads\\\/2024\\\/05\\\/GRAND_VISIONS_512x512.png\",\"contentUrl\":\"https:\\\/\\\/grandvisions.de\\\/wp-content\\\/uploads\\\/2024\\\/05\\\/GRAND_VISIONS_512x512.png\",\"width\":512,\"height\":512,\"caption\":\"Fotografie und Videoproduktion in Berlin & Hamburg\"},\"image\":{\"@id\":\"https:\\\/\\\/grandvisions.de\\\/#\\\/schema\\\/logo\\\/image\\\/\"},\"sameAs\":[\"https:\\\/\\\/www.facebook.com\\\/GRAND.VISIONS.FOTOGRAFIE.BERLIN\",\"https:\\\/\\\/www.instagram.com\\\/grandvisions_com\",\"https:\\\/\\\/www.linkedin.com\\\/company\\\/grand-visions\\\/\"]}]}<\/script>\n<!-- \/ Yoast SEO plugin. -->","yoast_head_json":{"title":"Messefotograf auf dem CARAVAN SALON in D\u00fcsseldorf","description":"Messefotograf auf dem CARAVAN SALON in D\u00fcsseldorf. Vertraue auf 20 Jahre Erfahrung in der Messefotografie. Ruf uns an: +49 30 4280 9999","robots":{"index":"index","follow":"follow","max-snippet":"max-snippet:-1","max-image-preview":"max-image-preview:large","max-video-preview":"max-video-preview:-1"},"canonical":"https:\/\/grandvisions.de\/en\/messefotograf-caravan-salon-dusseldorf\/","og_locale":"en_US","og_type":"article","og_title":"Messefotograf auf dem CARAVAN SALON in D\u00fcsseldorf","og_description":"Messefotograf auf dem CARAVAN SALON in D\u00fcsseldorf. Vertraue auf 20 Jahre Erfahrung in der Messefotografie. Ruf uns an: +49 30 4280 9999","og_url":"https:\/\/grandvisions.de\/en\/messefotograf-caravan-salon-dusseldorf\/","og_site_name":"Fotografie und Videoproduktion in Berlin &amp; Hamburg","article_publisher":"https:\/\/www.facebook.com\/GRAND.VISIONS.FOTOGRAFIE.BERLIN","article_modified_time":"2025-11-05T13:20:56+00:00","og_image":[{"width":1000,"height":667,"url":"https:\/\/grandvisions.de\/wp-content\/uploads\/2021\/04\/Messefotograf_Berlin_04.jpeg","type":"image\/jpeg"}],"twitter_card":"summary_large_image","twitter_misc":{"Est. reading time":"3 minutes"},"schema":{"@context":"https:\/\/schema.org","@graph":[{"@type":"WebPage","@id":"https:\/\/grandvisions.de\/messefotograf-caravan-salon-dusseldorf\/","url":"https:\/\/grandvisions.de\/messefotograf-caravan-salon-dusseldorf\/","name":"Messefotograf auf dem CARAVAN SALON in D\u00fcsseldorf","isPartOf":{"@id":"https:\/\/grandvisions.de\/#website"},"primaryImageOfPage":{"@id":"https:\/\/grandvisions.de\/messefotograf-caravan-salon-dusseldorf\/#primaryimage"},"image":{"@id":"https:\/\/grandvisions.de\/messefotograf-caravan-salon-dusseldorf\/#primaryimage"},"thumbnailUrl":"https:\/\/grandvisions.de\/wp-content\/uploads\/2021\/04\/Messefotograf_Berlin_04.jpeg","datePublished":"2024-07-16T14:52:58+00:00","dateModified":"2025-11-05T13:20:56+00:00","description":"Messefotograf auf dem CARAVAN SALON in D\u00fcsseldorf. Vertraue auf 20 Jahre Erfahrung in der Messefotografie. Ruf uns an: +49 30 4280 9999","breadcrumb":{"@id":"https:\/\/grandvisions.de\/messefotograf-caravan-salon-dusseldorf\/#breadcrumb"},"inLanguage":"en-US","potentialAction":[{"@type":"ReadAction","target":["https:\/\/grandvisions.de\/messefotograf-caravan-salon-dusseldorf\/"]}]},{"@type":"ImageObject","inLanguage":"en-US","@id":"https:\/\/grandvisions.de\/messefotograf-caravan-salon-dusseldorf\/#primaryimage","url":"https:\/\/grandvisions.de\/wp-content\/uploads\/2021\/04\/Messefotograf_Berlin_04.jpeg","contentUrl":"https:\/\/grandvisions.de\/wp-content\/uploads\/2021\/04\/Messefotograf_Berlin_04.jpeg","width":1000,"height":667,"caption":"Messefotograf_Berlin"},{"@type":"BreadcrumbList","@id":"https:\/\/grandvisions.de\/messefotograf-caravan-salon-dusseldorf\/#breadcrumb","itemListElement":[{"@type":"ListItem","position":1,"name":"Home","item":"https:\/\/grandvisions.de\/"},{"@type":"ListItem","position":2,"name":"Messefotograf CARAVAN SALON D\u00fcsseldorf"}]},{"@type":"WebSite","@id":"https:\/\/grandvisions.de\/#website","url":"https:\/\/grandvisions.de\/","name":"Fotografie und Videoproduktion in Berlin & Hamburg","description":"Professionelle Foto- &amp; Videoproduktionen","publisher":{"@id":"https:\/\/grandvisions.de\/#organization"},"alternateName":"GRAND VISIONS","potentialAction":[{"@type":"SearchAction","target":{"@type":"EntryPoint","urlTemplate":"https:\/\/grandvisions.de\/?s={search_term_string}"},"query-input":{"@type":"PropertyValueSpecification","valueRequired":true,"valueName":"search_term_string"}}],"inLanguage":"en-US"},{"@type":"Organization","@id":"https:\/\/grandvisions.de\/#organization","name":"Fotografie und Videoproduktion in Berlin & Hamburg","alternateName":"GRAND VISIONS","url":"https:\/\/grandvisions.de\/","logo":{"@type":"ImageObject","inLanguage":"en-US","@id":"https:\/\/grandvisions.de\/#\/schema\/logo\/image\/","url":"https:\/\/grandvisions.de\/wp-content\/uploads\/2024\/05\/GRAND_VISIONS_512x512.png","contentUrl":"https:\/\/grandvisions.de\/wp-content\/uploads\/2024\/05\/GRAND_VISIONS_512x512.png","width":512,"height":512,"caption":"Fotografie und Videoproduktion in Berlin & Hamburg"},"image":{"@id":"https:\/\/grandvisions.de\/#\/schema\/logo\/image\/"},"sameAs":["https:\/\/www.facebook.com\/GRAND.VISIONS.FOTOGRAFIE.BERLIN","https:\/\/www.instagram.com\/grandvisions_com","https:\/\/www.linkedin.com\/company\/grand-visions\/"]}]}},"_links":{"self":[{"href":"https:\/\/grandvisions.de\/en\/wp-json\/wp\/v2\/pages\/18847","targetHints":{"allow":["GET"]}}],"collection":[{"href":"https:\/\/grandvisions.de\/en\/wp-json\/wp\/v2\/pages"}],"about":[{"href":"https:\/\/grandvisions.de\/en\/wp-json\/wp\/v2\/types\/page"}],"author":[{"embeddable":true,"href":"https:\/\/grandvisions.de\/en\/wp-json\/wp\/v2\/users\/8"}],"replies":[{"embeddable":true,"href":"https:\/\/grandvisions.de\/en\/wp-json\/wp\/v2\/comments?post=18847"}],"version-history":[{"count":10,"href":"https:\/\/grandvisions.de\/en\/wp-json\/wp\/v2\/pages\/18847\/revisions"}],"predecessor-version":[{"id":24149,"href":"https:\/\/grandvisions.de\/en\/wp-json\/wp\/v2\/pages\/18847\/revisions\/24149"}],"wp:featuredmedia":[{"embeddable":true,"href":"https:\/\/grandvisions.de\/en\/wp-json\/wp\/v2\/media\/9687"}],"wp:attachment":[{"href":"https:\/\/grandvisions.de\/en\/wp-json\/wp\/v2\/media?parent=18847"}],"curies":[{"name":"wp","href":"https:\/\/api.w.org\/{rel}","templated":true}]}}