{"id":20718,"date":"2024-12-04T12:01:00","date_gmt":"2024-12-04T11:01:00","guid":{"rendered":"https:\/\/grandvisions.de\/?page_id=20718"},"modified":"2024-12-04T16:52:08","modified_gmt":"2024-12-04T15:52:08","slug":"kongress-fotografie","status":"publish","type":"page","link":"https:\/\/grandvisions.de\/en\/kongress-fotografie\/","title":{"rendered":"Kongressfotografie"},"content":{"rendered":"\t\t<div data-elementor-type=\"wp-page\" data-elementor-id=\"20718\" class=\"elementor elementor-20718\" data-elementor-post-type=\"page\">\n\t\t\t\t\t\t<section class=\"elementor-section elementor-top-section elementor-element elementor-element-a5fe815 elementor-section-full_width elementor-section-height-default elementor-section-height-default\" data-id=\"a5fe815\" data-element_type=\"section\" data-e-type=\"section\">\n\t\t\t\t\t\t<div class=\"elementor-container elementor-column-gap-default\">\n\t\t\t\t\t<div class=\"elementor-column elementor-col-100 elementor-top-column elementor-element elementor-element-28ea801\" data-id=\"28ea801\" data-element_type=\"column\" data-e-type=\"column\">\n\t\t\t<div class=\"elementor-widget-wrap elementor-element-populated\">\n\t\t\t\t\t\t<div class=\"elementor-element elementor-element-ed01fa1 elementor-widget elementor-widget-image\" data-id=\"ed01fa1\" data-element_type=\"widget\" data-e-type=\"widget\" data-widget_type=\"image.default\">\n\t\t\t\t<div class=\"elementor-widget-container\">\n\t\t\t\t\t\t\t\t\t\t\t\t\t\t\t<img fetchpriority=\"high\" decoding=\"async\" width=\"2500\" height=\"1667\" src=\"https:\/\/grandvisions.de\/wp-content\/uploads\/2024\/12\/JDZ-23_7IV2048.jpg\" class=\"attachment-full size-full wp-image-20730\" alt=\"\" srcset=\"https:\/\/grandvisions.de\/wp-content\/uploads\/2024\/12\/JDZ-23_7IV2048.jpg 2500w, https:\/\/grandvisions.de\/wp-content\/uploads\/2024\/12\/JDZ-23_7IV2048-500x333.jpg 500w, https:\/\/grandvisions.de\/wp-content\/uploads\/2024\/12\/JDZ-23_7IV2048-1024x683.jpg 1024w, https:\/\/grandvisions.de\/wp-content\/uploads\/2024\/12\/JDZ-23_7IV2048-768x512.jpg 768w, https:\/\/grandvisions.de\/wp-content\/uploads\/2024\/12\/JDZ-23_7IV2048-1536x1024.jpg 1536w, https:\/\/grandvisions.de\/wp-content\/uploads\/2024\/12\/JDZ-23_7IV2048-2048x1366.jpg 2048w, https:\/\/grandvisions.de\/wp-content\/uploads\/2024\/12\/JDZ-23_7IV2048-18x12.jpg 18w\" sizes=\"(max-width: 2500px) 100vw, 2500px\" \/>\t\t\t\t\t\t\t\t\t\t\t\t\t\t\t<\/div>\n\t\t\t\t<\/div>\n\t\t\t\t\t<\/div>\n\t\t<\/div>\n\t\t\t\t\t<\/div>\n\t\t<\/section>\n\t\t\t\t<section class=\"elementor-section elementor-top-section elementor-element elementor-element-3330f87b elementor-section-boxed elementor-section-height-default elementor-section-height-default\" data-id=\"3330f87b\" data-element_type=\"section\" data-e-type=\"section\" id=\"Video-Produktionen\">\n\t\t\t\t\t\t<div class=\"elementor-container elementor-column-gap-default\">\n\t\t\t\t\t<div class=\"elementor-column elementor-col-100 elementor-top-column elementor-element elementor-element-7b8d4a17\" data-id=\"7b8d4a17\" data-element_type=\"column\" data-e-type=\"column\">\n\t\t\t<div class=\"elementor-widget-wrap elementor-element-populated\">\n\t\t\t\t\t\t<div class=\"elementor-element elementor-element-22445724 elementor-widget elementor-widget-heading\" data-id=\"22445724\" data-element_type=\"widget\" data-e-type=\"widget\" data-widget_type=\"heading.default\">\n\t\t\t\t<div class=\"elementor-widget-container\">\n\t\t\t\t\t<h1 class=\"elementor-heading-title elementor-size-default\">DEIN KONGRESSFOTOGRAF<br \/>IN BERLIN &amp; HAMBURG<\/h1>\t\t\t\t<\/div>\n\t\t\t\t<\/div>\n\t\t\t\t\t<\/div>\n\t\t<\/div>\n\t\t\t\t\t<\/div>\n\t\t<\/section>\n\t\t\t\t<section class=\"elementor-section elementor-top-section elementor-element elementor-element-f69c363 elementor-section-full_width elementor-section-height-default elementor-section-height-default\" data-id=\"f69c363\" data-element_type=\"section\" data-e-type=\"section\">\n\t\t\t\t\t\t<div class=\"elementor-container elementor-column-gap-default\">\n\t\t\t\t\t<div class=\"elementor-column elementor-col-100 elementor-top-column elementor-element elementor-element-07702f6\" data-id=\"07702f6\" data-element_type=\"column\" data-e-type=\"column\">\n\t\t\t<div class=\"elementor-widget-wrap elementor-element-populated\">\n\t\t\t\t\t\t<div class=\"elementor-element elementor-element-f9483f2 elementor-widget elementor-widget-gallery\" data-id=\"f9483f2\" data-element_type=\"widget\" data-e-type=\"widget\" data-settings=\"{&quot;gallery_layout&quot;:&quot;masonry&quot;,&quot;columns&quot;:3,&quot;gap&quot;:{&quot;unit&quot;:&quot;px&quot;,&quot;size&quot;:5,&quot;sizes&quot;:[]},&quot;gap_tablet&quot;:{&quot;unit&quot;:&quot;px&quot;,&quot;size&quot;:5,&quot;sizes&quot;:[]},&quot;gap_mobile&quot;:{&quot;unit&quot;:&quot;px&quot;,&quot;size&quot;:5,&quot;sizes&quot;:[]},&quot;lazyload&quot;:&quot;yes&quot;,&quot;columns_tablet&quot;:2,&quot;columns_mobile&quot;:1,&quot;content_hover_animation&quot;:&quot;fade-in&quot;}\" data-widget_type=\"gallery.default\">\n\t\t\t\t<div class=\"elementor-widget-container\">\n\t\t\t\t\t\t\t<div class=\"elementor-gallery__container\">\n\t\t\t\t\t\t\t<div class=\"e-gallery-item elementor-gallery-item elementor-animated-content\">\n\t\t\t\t\t<div class=\"e-gallery-image elementor-gallery-item__image\" data-thumbnail=\"https:\/\/grandvisions.de\/wp-content\/uploads\/2021\/04\/Eventfotograf_Berlin_54.jpeg\" data-width=\"665\" data-height=\"1000\" aria-label=\"Eventfotograf_Berlin\" role=\"img\" ><\/div>\n\t\t\t\t\t\t\t\t\t\t\t\t\t\t<\/div>\n\t\t\t\t\t\t\t<div class=\"e-gallery-item elementor-gallery-item elementor-animated-content\">\n\t\t\t\t\t<div class=\"e-gallery-image elementor-gallery-item__image\" data-thumbnail=\"https:\/\/grandvisions.de\/wp-content\/uploads\/2021\/04\/Eventfotograf_Berlin_23.jpeg\" data-width=\"1000\" data-height=\"667\" aria-label=\"Eventfotograf_Berlin\" role=\"img\" ><\/div>\n\t\t\t\t\t\t\t\t\t\t\t\t\t\t<\/div>\n\t\t\t\t\t\t\t<div class=\"e-gallery-item elementor-gallery-item elementor-animated-content\">\n\t\t\t\t\t<div class=\"e-gallery-image elementor-gallery-item__image\" data-thumbnail=\"https:\/\/grandvisions.de\/wp-content\/uploads\/2024\/12\/JDZB_231115-51.jpg\" data-width=\"2500\" data-height=\"1669\" aria-label=\"\" role=\"img\" ><\/div>\n\t\t\t\t\t\t\t\t\t\t\t\t\t\t<\/div>\n\t\t\t\t\t\t\t<div class=\"e-gallery-item elementor-gallery-item elementor-animated-content\">\n\t\t\t\t\t<div class=\"e-gallery-image elementor-gallery-item__image\" data-thumbnail=\"https:\/\/grandvisions.de\/wp-content\/uploads\/2024\/12\/JDZ-23_7IV2037.jpg\" data-width=\"2500\" data-height=\"1667\" aria-label=\"\" role=\"img\" ><\/div>\n\t\t\t\t\t\t\t\t\t\t\t\t\t\t<\/div>\n\t\t\t\t\t\t\t<div class=\"e-gallery-item elementor-gallery-item elementor-animated-content\">\n\t\t\t\t\t<div class=\"e-gallery-image elementor-gallery-item__image\" data-thumbnail=\"https:\/\/grandvisions.de\/wp-content\/uploads\/2021\/04\/Eventfotograf_Berlin_56.jpeg\" data-width=\"1000\" data-height=\"666\" aria-label=\"Eventfotograf_Berlin\" role=\"img\" ><\/div>\n\t\t\t\t\t\t\t\t\t\t\t\t\t\t<\/div>\n\t\t\t\t\t\t\t<div class=\"e-gallery-item elementor-gallery-item elementor-animated-content\">\n\t\t\t\t\t<div class=\"e-gallery-image elementor-gallery-item__image\" data-thumbnail=\"https:\/\/grandvisions.de\/wp-content\/uploads\/2024\/12\/JDZ-23_7S305751.jpg\" data-width=\"2500\" data-height=\"1669\" aria-label=\"\" role=\"img\" ><\/div>\n\t\t\t\t\t\t\t\t\t\t\t\t\t\t<\/div>\n\t\t\t\t\t\t\t<div class=\"e-gallery-item elementor-gallery-item elementor-animated-content\">\n\t\t\t\t\t<div class=\"e-gallery-image elementor-gallery-item__image\" data-thumbnail=\"https:\/\/grandvisions.de\/wp-content\/uploads\/2021\/04\/Eventfotograf_Berlin_48.jpeg\" data-width=\"1000\" data-height=\"667\" aria-label=\"Eventfotograf_Berlin\" role=\"img\" ><\/div>\n\t\t\t\t\t\t\t\t\t\t\t\t\t\t<\/div>\n\t\t\t\t\t\t\t<div class=\"e-gallery-item elementor-gallery-item elementor-animated-content\">\n\t\t\t\t\t<div class=\"e-gallery-image elementor-gallery-item__image\" data-thumbnail=\"https:\/\/grandvisions.de\/wp-content\/uploads\/2021\/04\/Eventfotograf_Berlin_06.jpeg\" data-width=\"1000\" data-height=\"667\" aria-label=\"Eventfotograf_Berlin\" role=\"img\" ><\/div>\n\t\t\t\t\t\t\t\t\t\t\t\t\t\t<\/div>\n\t\t\t\t\t\t\t<div class=\"e-gallery-item elementor-gallery-item elementor-animated-content\">\n\t\t\t\t\t<div class=\"e-gallery-image elementor-gallery-item__image\" data-thumbnail=\"https:\/\/grandvisions.de\/wp-content\/uploads\/2021\/04\/Eventfotograf_Berlin_39.jpeg\" data-width=\"1000\" data-height=\"667\" aria-label=\"Eventfotograf_Berlin\" role=\"img\" ><\/div>\n\t\t\t\t\t\t\t\t\t\t\t\t\t\t<\/div>\n\t\t\t\t\t\t\t<div class=\"e-gallery-item elementor-gallery-item elementor-animated-content\">\n\t\t\t\t\t<div class=\"e-gallery-image elementor-gallery-item__image\" data-thumbnail=\"https:\/\/grandvisions.de\/wp-content\/uploads\/2024\/08\/7IV7337.jpg\" data-width=\"1920\" data-height=\"1280\" aria-label=\"Eventfotograf_Berlin\" role=\"img\" ><\/div>\n\t\t\t\t\t\t\t\t\t\t\t\t\t\t<\/div>\n\t\t\t\t\t\t\t<div class=\"e-gallery-item elementor-gallery-item elementor-animated-content\">\n\t\t\t\t\t<div class=\"e-gallery-image elementor-gallery-item__image\" data-thumbnail=\"https:\/\/grandvisions.de\/wp-content\/uploads\/2024\/12\/JDZB_231115-54.jpg\" data-width=\"2500\" data-height=\"1669\" aria-label=\"\" role=\"img\" ><\/div>\n\t\t\t\t\t\t\t\t\t\t\t\t\t\t<\/div>\n\t\t\t\t\t\t\t<div class=\"e-gallery-item elementor-gallery-item elementor-animated-content\">\n\t\t\t\t\t<div class=\"e-gallery-image elementor-gallery-item__image\" data-thumbnail=\"https:\/\/grandvisions.de\/wp-content\/uploads\/2024\/08\/7IV6088_Web.jpg\" data-width=\"1500\" data-height=\"1000\" aria-label=\"Eventfotograf_Berlin\" role=\"img\" ><\/div>\n\t\t\t\t\t\t\t\t\t\t\t\t\t\t<\/div>\n\t\t\t\t\t\t\t<div class=\"e-gallery-item elementor-gallery-item elementor-animated-content\">\n\t\t\t\t\t<div class=\"e-gallery-image elementor-gallery-item__image\" data-thumbnail=\"https:\/\/grandvisions.de\/wp-content\/uploads\/2024\/12\/JDZB_231115-63.jpg\" data-width=\"2500\" data-height=\"1669\" aria-label=\"\" role=\"img\" ><\/div>\n\t\t\t\t\t\t\t\t\t\t\t\t\t\t<\/div>\n\t\t\t\t\t\t\t<div class=\"e-gallery-item elementor-gallery-item elementor-animated-content\">\n\t\t\t\t\t<div class=\"e-gallery-image elementor-gallery-item__image\" data-thumbnail=\"https:\/\/grandvisions.de\/wp-content\/uploads\/2021\/04\/Eventfotograf_Berlin_44.jpeg\" data-width=\"668\" data-height=\"1000\" aria-label=\"Eventfotograf_Berlin\" role=\"img\" ><\/div>\n\t\t\t\t\t\t\t\t\t\t\t\t\t\t<\/div>\n\t\t\t\t\t\t\t<div class=\"e-gallery-item elementor-gallery-item elementor-animated-content\">\n\t\t\t\t\t<div class=\"e-gallery-image elementor-gallery-item__image\" data-thumbnail=\"https:\/\/grandvisions.de\/wp-content\/uploads\/2024\/12\/JDZ-23_7IV2138.jpg\" data-width=\"2500\" data-height=\"1667\" aria-label=\"\" role=\"img\" ><\/div>\n\t\t\t\t\t\t\t\t\t\t\t\t\t\t<\/div>\n\t\t\t\t\t\t\t<div class=\"e-gallery-item elementor-gallery-item elementor-animated-content\">\n\t\t\t\t\t<div class=\"e-gallery-image elementor-gallery-item__image\" data-thumbnail=\"https:\/\/grandvisions.de\/wp-content\/uploads\/2021\/04\/Eventfotograf_Berlin_16.jpeg\" data-width=\"1000\" data-height=\"667\" aria-label=\"Eventfotograf_Berlin\" role=\"img\" ><\/div>\n\t\t\t\t\t\t\t\t\t\t\t\t\t\t<\/div>\n\t\t\t\t\t\t\t<div class=\"e-gallery-item elementor-gallery-item elementor-animated-content\">\n\t\t\t\t\t<div class=\"e-gallery-image elementor-gallery-item__image\" data-thumbnail=\"https:\/\/grandvisions.de\/wp-content\/uploads\/2024\/08\/RfF_GIA_240514_Event_330.jpg\" data-width=\"1920\" data-height=\"1280\" aria-label=\"Eventfotograf_Berlin\" role=\"img\" ><\/div>\n\t\t\t\t\t\t\t\t\t\t\t\t\t\t<\/div>\n\t\t\t\t\t\t\t<div class=\"e-gallery-item elementor-gallery-item elementor-animated-content\">\n\t\t\t\t\t<div class=\"e-gallery-image elementor-gallery-item__image\" data-thumbnail=\"https:\/\/grandvisions.de\/wp-content\/uploads\/2021\/04\/Eventfotograf_Berlin_40.jpeg\" data-width=\"1000\" data-height=\"667\" aria-label=\"Eventfotograf_Berlin\" role=\"img\" ><\/div>\n\t\t\t\t\t\t\t\t\t\t\t\t\t\t<\/div>\n\t\t\t\t\t\t\t<div class=\"e-gallery-item elementor-gallery-item elementor-animated-content\">\n\t\t\t\t\t<div class=\"e-gallery-image elementor-gallery-item__image\" data-thumbnail=\"https:\/\/grandvisions.de\/wp-content\/uploads\/2024\/12\/JDZ-23_7IV2048.jpg\" data-width=\"2500\" data-height=\"1667\" aria-label=\"\" role=\"img\" ><\/div>\n\t\t\t\t\t\t\t\t\t\t\t\t\t\t<\/div>\n\t\t\t\t\t\t\t<div class=\"e-gallery-item elementor-gallery-item elementor-animated-content\">\n\t\t\t\t\t<div class=\"e-gallery-image elementor-gallery-item__image\" data-thumbnail=\"https:\/\/grandvisions.de\/wp-content\/uploads\/2021\/04\/Eventfotograf_Berlin_41.jpeg\" data-width=\"1000\" data-height=\"667\" aria-label=\"Eventfotograf_Berlin\" role=\"img\" ><\/div>\n\t\t\t\t\t\t\t\t\t\t\t\t\t\t<\/div>\n\t\t\t\t\t\t\t<div class=\"e-gallery-item elementor-gallery-item elementor-animated-content\">\n\t\t\t\t\t<div class=\"e-gallery-image elementor-gallery-item__image\" data-thumbnail=\"https:\/\/grandvisions.de\/wp-content\/uploads\/2024\/08\/RfF_GIA_240514_Event_198-1.jpg\" data-width=\"1920\" data-height=\"1280\" aria-label=\"Eventfotograf_Berlin\" role=\"img\" ><\/div>\n\t\t\t\t\t\t\t\t\t\t\t\t\t\t<\/div>\n\t\t\t\t\t\t\t<div class=\"e-gallery-item elementor-gallery-item elementor-animated-content\">\n\t\t\t\t\t<div class=\"e-gallery-image elementor-gallery-item__image\" data-thumbnail=\"https:\/\/grandvisions.de\/wp-content\/uploads\/2021\/04\/Eventfotograf_Berlin_49.jpeg\" data-width=\"1000\" data-height=\"667\" aria-label=\"Eventfotograf_Berlin\" role=\"img\" ><\/div>\n\t\t\t\t\t\t\t\t\t\t\t\t\t\t<\/div>\n\t\t\t\t\t\t\t<div class=\"e-gallery-item elementor-gallery-item elementor-animated-content\">\n\t\t\t\t\t<div class=\"e-gallery-image elementor-gallery-item__image\" data-thumbnail=\"https:\/\/grandvisions.de\/wp-content\/uploads\/2024\/12\/JDZB_231115-52.jpg\" data-width=\"2500\" data-height=\"1667\" aria-label=\"\" role=\"img\" ><\/div>\n\t\t\t\t\t\t\t\t\t\t\t\t\t\t<\/div>\n\t\t\t\t\t\t\t<div class=\"e-gallery-item elementor-gallery-item elementor-animated-content\">\n\t\t\t\t\t<div class=\"e-gallery-image elementor-gallery-item__image\" data-thumbnail=\"https:\/\/grandvisions.de\/wp-content\/uploads\/2024\/12\/JDZ-23_7IV1991.jpg\" data-width=\"2500\" data-height=\"1667\" aria-label=\"\" role=\"img\" ><\/div>\n\t\t\t\t\t\t\t\t\t\t\t\t\t\t<\/div>\n\t\t\t\t\t\t\t<div class=\"e-gallery-item elementor-gallery-item elementor-animated-content\">\n\t\t\t\t\t<div class=\"e-gallery-image elementor-gallery-item__image\" data-thumbnail=\"https:\/\/grandvisions.de\/wp-content\/uploads\/2024\/08\/7IV6639.jpg\" data-width=\"1920\" data-height=\"1280\" aria-label=\"Eventfotograf_Berlin\" role=\"img\" ><\/div>\n\t\t\t\t\t\t\t\t\t\t\t\t\t\t<\/div>\n\t\t\t\t\t\t\t<div class=\"e-gallery-item elementor-gallery-item elementor-animated-content\">\n\t\t\t\t\t<div class=\"e-gallery-image elementor-gallery-item__image\" data-thumbnail=\"https:\/\/grandvisions.de\/wp-content\/uploads\/2021\/04\/Eventfotograf_Berlin_50.jpeg\" data-width=\"1000\" data-height=\"667\" aria-label=\"Eventfotograf_Berlin\" role=\"img\" ><\/div>\n\t\t\t\t\t\t\t\t\t\t\t\t\t\t<\/div>\n\t\t\t\t\t<\/div>\n\t\t\t\t\t<\/div>\n\t\t\t\t<\/div>\n\t\t\t\t\t<\/div>\n\t\t<\/div>\n\t\t\t\t\t<\/div>\n\t\t<\/section>\n\t\t\t\t<section class=\"elementor-section elementor-top-section elementor-element elementor-element-7c3177b1 elementor-section-full_width elementor-section-height-default elementor-section-height-default\" data-id=\"7c3177b1\" data-element_type=\"section\" data-e-type=\"section\" id=\"Video-Produktionen\">\n\t\t\t\t\t\t<div class=\"elementor-container elementor-column-gap-default\">\n\t\t\t\t\t<div class=\"elementor-column elementor-col-100 elementor-top-column elementor-element elementor-element-1d01dbd9\" data-id=\"1d01dbd9\" data-element_type=\"column\" data-e-type=\"column\">\n\t\t\t<div class=\"elementor-widget-wrap elementor-element-populated\">\n\t\t\t\t\t\t<div class=\"elementor-element elementor-element-ff4fbe2 elementor-widget elementor-widget-heading\" data-id=\"ff4fbe2\" data-element_type=\"widget\" data-e-type=\"widget\" data-widget_type=\"heading.default\">\n\t\t\t\t<div class=\"elementor-widget-container\">\n\t\t\t\t\t<h1 class=\"elementor-heading-title elementor-size-default\">KONGRESSFOTOGRAFIE MUSS BEEINDRUCKEN!<\/h1>\t\t\t\t<\/div>\n\t\t\t\t<\/div>\n\t\t\t\t\t<\/div>\n\t\t<\/div>\n\t\t\t\t\t<\/div>\n\t\t<\/section>\n\t\t<div class=\"elementor-element elementor-element-5a00914f e-con-full e-flex e-con e-parent\" data-id=\"5a00914f\" data-element_type=\"container\" data-e-type=\"container\">\n\t\t<div class=\"elementor-element elementor-element-737d7427 e-con-full e-flex e-con e-child\" data-id=\"737d7427\" data-element_type=\"container\" data-e-type=\"container\">\n\t\t\t\t<div class=\"elementor-element elementor-element-3e32876e elementor-widget elementor-widget-text-editor\" data-id=\"3e32876e\" data-element_type=\"widget\" data-e-type=\"widget\" data-widget_type=\"text-editor.default\">\n\t\t\t\t<div class=\"elementor-widget-container\">\n\t\t\t\t\t\t\t\t\t<div class=\"flex-shrink-0 flex flex-col relative items-end\"><div><div class=\"pt-0\"><div class=\"gizmo-bot-avatar flex h-8 w-8 items-center justify-center overflow-hidden rounded-full\"><div class=\"relative p-1 rounded-sm flex items-center justify-center bg-token-main-surface-primary text-token-text-primary h-8 w-8\">Herausragende Kongressfotografie \u2013 unverzichtbar und oft untersch\u00e4tzt.<\/div><\/div><\/div><\/div><\/div><div class=\"group\/conversation-turn relative flex w-full min-w-0 flex-col agent-turn\"><div class=\"flex-col gap-1 md:gap-3\"><div class=\"flex max-w-full flex-col flex-grow\"><div class=\"min-h-8 text-message flex w-full flex-col items-end gap-2 whitespace-normal break-words [.text-message+&amp;]:mt-5\" dir=\"auto\" data-message-author-role=\"assistant\" data-message-id=\"4e701fb6-27fc-435f-9612-3a036cd8fcdf\" data-message-model-slug=\"gpt-4o\"><div class=\"flex w-full flex-col gap-1 empty:hidden first:pt-[3px]\"><div class=\"markdown prose w-full break-words dark:prose-invert light\"><p>Wir bieten einen individuell abgestimmten Ansatz f\u00fcr Deinen Kongress. Durch enge Zusammenarbeit mit unseren Kunden erfassen wir deren Vision und spezifische W\u00fcnsche. Unser Ziel: Bilder, die nicht nur dokumentieren, sondern eine Geschichte erz\u00e4hlen, die Werte Deiner Marke widerspiegeln und die Atmosph\u00e4re des Kongresses authentisch einfangen.<\/p><p>Ein professioneller Kongressfotograf repr\u00e4sentiert Dein Unternehmen mit Stil und Kompetenz. Mit seri\u00f6ser Zur\u00fcckhaltung und charmanter Pr\u00e4senz bewegt er sich souver\u00e4n unter Deinen G\u00e4sten. Ob bei wechselnden Lichtverh\u00e4ltnissen oder in entscheidenden Momenten \u2013 er ist immer zur richtigen Zeit am richtigen Ort und nat\u00fcrlich bilingual.<\/p><\/div><\/div><\/div><\/div><\/div><\/div>\t\t\t\t\t\t\t\t<\/div>\n\t\t\t\t<\/div>\n\t\t\t\t<\/div>\n\t\t<div class=\"elementor-element elementor-element-27f05f4b e-con-full e-flex e-con e-child\" data-id=\"27f05f4b\" data-element_type=\"container\" data-e-type=\"container\">\n\t\t\t\t<div class=\"elementor-element elementor-element-426307db elementor-widget elementor-widget-text-editor\" data-id=\"426307db\" data-element_type=\"widget\" data-e-type=\"widget\" data-widget_type=\"text-editor.default\">\n\t\t\t\t<div class=\"elementor-widget-container\">\n\t\t\t\t\t\t\t\t\t<p>Die Fotos sollen bereits w\u00e4hrend des Kongresses f\u00fcr die Presse verf\u00fcgbar sein? Kein Problem f\u00fcr uns!<\/p><p>Seit \u00fcber 15 Jahren begleiten wir Kongresse und machen Kunden mit herausragenden Ergebnissen gl\u00fccklich. Doch nicht nur Fotos z\u00e4hlen \u2013 ein pr\u00e4gnantes Video bringt die Highlights Deines Kongresses direkt auf Social Media und sorgt f\u00fcr maximale Reichweite.<\/p><p>Unsere Kunden sch\u00e4tzen unsere Qualit\u00e4t, Professionalit\u00e4t und den pers\u00f6nlichen Service. Ob in Berlin, Hamburg oder bundesweit \u2013 wir liefern Kongressfotografie, die einen echten Unterschied macht. Egal, ob Firmenevents, Tagungen oder Fachkonferenzen \u2013 wir fangen Deine Veranstaltung authentisch und kreativ ein.<\/p>\t\t\t\t\t\t\t\t<\/div>\n\t\t\t\t<\/div>\n\t\t\t\t<\/div>\n\t\t\t\t<\/div>\n\t\t<div class=\"elementor-element elementor-element-76f939d0 e-con-full e-flex e-con e-parent\" data-id=\"76f939d0\" data-element_type=\"container\" data-e-type=\"container\" data-settings=\"{&quot;background_background&quot;:&quot;classic&quot;}\">\n\t\t<div class=\"elementor-element elementor-element-167e63e1 e-flex e-con-boxed e-con e-child\" data-id=\"167e63e1\" data-element_type=\"container\" data-e-type=\"container\">\n\t\t\t\t\t<div class=\"e-con-inner\">\n\t\t\t\t<div class=\"elementor-element elementor-element-7abb3cc3 elementor--v-position-top elementor-pagination-position-outside elementor--h-position-center elementor-arrows-position-inside elementor-widget elementor-widget-slides\" data-id=\"7abb3cc3\" data-element_type=\"widget\" data-e-type=\"widget\" data-settings=\"{&quot;transition_speed&quot;:50,&quot;navigation&quot;:&quot;both&quot;,&quot;infinite&quot;:&quot;yes&quot;,&quot;transition&quot;:&quot;slide&quot;}\" data-widget_type=\"slides.default\">\n\t\t\t\t<div class=\"elementor-widget-container\">\n\t\t\t\t\t\t\t\t\t<div class=\"elementor-swiper\">\n\t\t\t\t\t<div class=\"elementor-slides-wrapper elementor-main-swiper swiper\" role=\"region\" aria-roledescription=\"carousel\" aria-label=\"Slider\" dir=\"ltr\" data-animation=\"fadeInRight\">\n\t\t\t\t<div class=\"swiper-wrapper elementor-slides\">\n\t\t\t\t\t\t\t\t\t\t<div class=\"elementor-repeater-item-25bf787 swiper-slide\" role=\"group\" aria-roledescription=\"slide\"><div class=\"swiper-slide-bg\"><\/div><div class=\"swiper-slide-inner\" ><div class=\"swiper-slide-contents\"><div class=\"elementor-slide-heading\">Die Bedeutung der Kongressfotografie<\/div><div class=\"elementor-slide-description\">Planen Sie einen besonderen Kongress und m\u00f6chten die entscheidenden Momente professionell festhalten? Unsere Kongressfotografie ist die perfekte Wahl f\u00fcr Sie. Mit Leidenschaft und Expertise halten wir die einzigartigen Augenblicke Ihrer Veranstaltung authentisch und wirkungsvoll fest.<\/div><\/div><\/div><\/div><div class=\"elementor-repeater-item-4a01b01 swiper-slide\" role=\"group\" aria-roledescription=\"slide\"><div class=\"swiper-slide-bg\"><\/div><div class=\"swiper-slide-inner\" ><div class=\"swiper-slide-contents\"><div class=\"elementor-slide-heading\">Ma\u00dfgeschneiderter Service <br\/> f\u00fcr Ihre Anforderungen<\/div><div class=\"elementor-slide-description\">Professionelle Kongressfotografie geht weit \u00fcber das blo\u00dfe Festhalten von Momenten hinaus. Sie dokumentiert die Atmosph\u00e4re, den Austausch und die Highlights eines Kongresses, um den Erfolg Ihrer Veranstaltung sichtbar zu machen. Hochwertige Fotos sind unverzichtbar f\u00fcr Marketing, PR und die nachhaltige Wirkung Ihrer Botschaft.<\/div><\/div><\/div><\/div><div class=\"elementor-repeater-item-92b81fa swiper-slide\" role=\"group\" aria-roledescription=\"slide\"><div class=\"swiper-slide-bg\"><\/div><div class=\"swiper-slide-inner\" ><div class=\"swiper-slide-contents\"><div class=\"elementor-slide-heading\">Vielseitige Einsatzm\u00f6glichkeiten der Fotos<\/div><div class=\"elementor-slide-description\">Die Bilder Ihres Kongresses sind nicht nur eine sch\u00f6ne Erinnerung. Sie k\u00f6nnen f\u00fcr Pressemitteilungen, Jahresberichte, Social Media, Websites und weitere Marketingmaterialien genutzt werden. So erzielen Sie langfristigen Nutzen und erh\u00f6hen die Reichweite Ihres Events.<\/div><\/div><\/div><\/div><div class=\"elementor-repeater-item-4ee795c swiper-slide\" role=\"group\" aria-roledescription=\"slide\"><div class=\"swiper-slide-bg\"><\/div><div class=\"swiper-slide-inner\" ><div class=\"swiper-slide-contents\"><div class=\"elementor-slide-heading\">Unser Ansatz: <br\/> Diskret und pr\u00e4sent zugleich<\/div><div class=\"elementor-slide-description\">Ein professioneller Kongressfotograf agiert stets unauff\u00e4llig und respektvoll, w\u00e4hrend er die wichtigsten Momente einf\u00e4ngt. Unsere Fotografen bewegen sich mit Zur\u00fcckhaltung und Charme unter Ihren G\u00e4sten und passen sich flexibel an den Ablauf Ihrer Veranstaltung an.<\/div><\/div><\/div><\/div><div class=\"elementor-repeater-item-4c12a16 swiper-slide\" role=\"group\" aria-roledescription=\"slide\"><div class=\"swiper-slide-bg\"><\/div><div class=\"swiper-slide-inner\" ><div class=\"swiper-slide-contents\"><div class=\"elementor-slide-heading\">Technische Perfektion <br\/> unter allen Bedingungen<\/div><div class=\"elementor-slide-description\">Kongresse finden oft unter herausfordernden Lichtverh\u00e4ltnissen statt, sei es in Konferenzr\u00e4umen, gro\u00dfen Hallen oder bei B\u00fchnenauftritten. Unsere Fotografen sind darauf spezialisiert, auch in anspruchsvollen Situationen perfekte Ergebnisse zu liefern \u2013 von nat\u00fcrlichen Portraits bis zu beeindruckenden B\u00fchnenbildern.<\/div><\/div><\/div><\/div>\t\t\t\t<\/div>\n\t\t\t\t\t\t\t\t\t\t\t\t\t\t\t<div class=\"elementor-swiper-button elementor-swiper-button-prev\" role=\"button\" tabindex=\"0\" aria-label=\"Vorheriger Slide\">\n\t\t\t\t\t\t\t<svg aria-hidden=\"true\" class=\"e-font-icon-svg e-eicon-chevron-left\" viewBox=\"0 0 1000 1000\" xmlns=\"http:\/\/www.w3.org\/2000\/svg\"><path d=\"M646 125C629 125 613 133 604 142L308 442C296 454 292 471 292 487 292 504 296 521 308 533L604 854C617 867 629 875 646 875 663 875 679 871 692 858 704 846 713 829 713 812 713 796 708 779 692 767L438 487 692 225C700 217 708 204 708 187 708 171 704 154 692 142 675 129 663 125 646 125Z\"><\/path><\/svg>\t\t\t\t\t\t<\/div>\n\t\t\t\t\t\t<div class=\"elementor-swiper-button elementor-swiper-button-next\" role=\"button\" tabindex=\"0\" aria-label=\"N\u00e4chster Slide\">\n\t\t\t\t\t\t\t<svg aria-hidden=\"true\" class=\"e-font-icon-svg e-eicon-chevron-right\" viewBox=\"0 0 1000 1000\" xmlns=\"http:\/\/www.w3.org\/2000\/svg\"><path d=\"M696 533C708 521 713 504 713 487 713 471 708 454 696 446L400 146C388 133 375 125 354 125 338 125 325 129 313 142 300 154 292 171 292 187 292 204 296 221 308 233L563 492 304 771C292 783 288 800 288 817 288 833 296 850 308 863 321 871 338 875 354 875 371 875 388 867 400 854L696 533Z\"><\/path><\/svg>\t\t\t\t\t\t<\/div>\n\t\t\t\t\t\t\t\t\t\t\t\t\t\t\t\t<div class=\"swiper-pagination\"><\/div>\n\t\t\t\t\t\t\t\t\t\t\t\t<\/div>\n\t\t\t\t<\/div>\n\t\t\t\t\t\t\t\t<\/div>\n\t\t\t\t<\/div>\n\t\t\t\t\t<\/div>\n\t\t\t\t<\/div>\n\t\t\t\t<\/div>\n\t\t<div class=\"elementor-element elementor-element-30b26a2d e-flex e-con-boxed e-con e-parent\" data-id=\"30b26a2d\" data-element_type=\"container\" data-e-type=\"container\">\n\t\t\t\t\t<div class=\"e-con-inner\">\n\t\t\t\t<div class=\"elementor-element elementor-element-52b9be05 elementor-align-center elementor-widget elementor-widget-button\" data-id=\"52b9be05\" data-element_type=\"widget\" data-e-type=\"widget\" data-widget_type=\"button.default\">\n\t\t\t\t<div class=\"elementor-widget-container\">\n\t\t\t\t\t\t\t\t\t<div class=\"elementor-button-wrapper\">\n\t\t\t\t\t<a class=\"elementor-button elementor-button-link elementor-size-sm\" href=\"http:\/\/www.grandvisions.de\/kontakt\/\">\n\t\t\t\t\t\t<span class=\"elementor-button-content-wrapper\">\n\t\t\t\t\t\t\t\t\t<span class=\"elementor-button-text\">WIR BERATEN DICH GERNE!<\/span>\n\t\t\t\t\t<\/span>\n\t\t\t\t\t<\/a>\n\t\t\t\t<\/div>\n\t\t\t\t\t\t\t\t<\/div>\n\t\t\t\t<\/div>\n\t\t\t\t\t<\/div>\n\t\t\t\t<\/div>\n\t\t<div class=\"elementor-element elementor-element-1d02f10c elementor-hidden-desktop elementor-hidden-tablet e-flex e-con-boxed e-con e-parent\" data-id=\"1d02f10c\" data-element_type=\"container\" data-e-type=\"container\">\n\t\t\t\t\t<div class=\"e-con-inner\">\n\t\t<div class=\"elementor-element elementor-element-7601bfef e-con-full e-flex e-con e-child\" data-id=\"7601bfef\" data-element_type=\"container\" data-e-type=\"container\">\n\t\t\t\t<div class=\"elementor-element elementor-element-2007a34e elementor-widget elementor-widget-toggle\" data-id=\"2007a34e\" data-element_type=\"widget\" data-e-type=\"widget\" data-widget_type=\"toggle.default\">\n\t\t\t\t<div class=\"elementor-widget-container\">\n\t\t\t\t\t\t\t<div class=\"elementor-toggle\">\n\t\t\t\t\t\t\t<div class=\"elementor-toggle-item\">\n\t\t\t\t\t<div id=\"elementor-tab-title-5371\" class=\"elementor-tab-title\" data-tab=\"1\" role=\"button\" aria-controls=\"elementor-tab-content-5371\" aria-expanded=\"false\">\n\t\t\t\t\t\t\t\t\t\t\t\t<a class=\"elementor-toggle-title\" tabindex=\"0\"><\/a>\n\t\t\t\t\t<\/div>\n\n\t\t\t\t\t<div id=\"elementor-tab-content-5371\" class=\"elementor-tab-content elementor-clearfix\" data-tab=\"1\" role=\"region\" aria-labelledby=\"elementor-tab-title-5371\"><div>Du planst ein unvergessliches Event und m\u00f6chtest, dass die besonderen Momente f\u00fcr immer festgehalten werden? Unsere Event-Fotografie ist genau das Richtige f\u00fcr Dich. Wir sind leidenschaftliche Fotografen, die sich darauf spezialisiert haben, die einzigartigen Augenblicke deines Events einzufangen.<\/div><div>Unser Ansatz zur Event-Fotografie geht \u00fcber das einfache Dokumentieren hinaus. Wir verstehen, dass jedes Event eine eigene Atmosph\u00e4re und Geschichte hat. Deshalb legen wir gro\u00dfen Wert darauf, die Stimmung und Emotionen einzufangen, die Deinen besonderen Anlass ausmachen. Wir nehmen uns die Zeit, die Menschen, die Dekoration und die Details festzuhalten, die Deine Veranstaltung so einzigartig machen.<\/div><div>Egal, ob es sich um eine private Feier, eine Firmenveranstaltung oder ein \u00f6ffentliches Event handelt &#8211; unsere Event-Fotografie steht Dir zur Verf\u00fcgung. Wir begleiten Dich w\u00e4hrend des gesamten Events und halten die wichtigen Momente fest, sei es die mitrei\u00dfende Tanzfl\u00e4che oder die inspirierenden Reden. Du kannst Dich darauf verlassen, dass wir die Highlights und die besonderen Augenblicke nicht verpassen.<\/div><div>Unsere Event-Fotografie umfasst nicht nur die eigentliche Veranstaltung, sondern auch die Vorbereitungen im Vorfeld. Wir k\u00f6nnen die Aufregung und Vorfreude einfangen, wenn Du und Dein Team das Event planen und vorbereiten. Diese Fotos k\u00f6nnen sp\u00e4ter in Marketingmaterialien oder auf Social-Media-Plattformen verwendet werden, um die Vorfreude auf das Event zu steigern und die Aufmerksamkeit potenzieller G\u00e4ste zu gewinnen.<\/div><div>Mit unserer Event-Fotografie kannst Du sicher sein, dass Du nach dem Event eine beeindruckende Sammlung von Bildern hast, die Deine Erinnerungen f\u00fcr immer bewahren. Wir bieten eine sorgf\u00e4ltige Nachbearbeitung der Fotos an, um sicherzustellen, dass sie ihre volle Wirkung entfalten und deine Erwartungen \u00fcbertreffen. Lass uns gemeinsam die Magie Deines Events einfangen und die besonderen Momente f\u00fcr die Ewigkeit festhalten. Kontaktiere uns noch heute, um weitere Informationen zu erhalten und einen Termin zu vereinbaren.<\/div><\/div>\n\t\t\t\t<\/div>\n\t\t\t\t\t\t\t\t<\/div>\n\t\t\t\t\t\t<\/div>\n\t\t\t\t<\/div>\n\t\t\t\t<\/div>\n\t\t\t\t\t<\/div>\n\t\t\t\t<\/div>\n\t\t\t\t<section class=\"elementor-section elementor-top-section elementor-element elementor-element-c030dd3 elementor-section-boxed elementor-section-height-default elementor-section-height-default\" data-id=\"c030dd3\" data-element_type=\"section\" data-e-type=\"section\">\n\t\t\t\t\t\t<div class=\"elementor-container elementor-column-gap-default\">\n\t\t\t\t\t<div class=\"elementor-column elementor-col-25 elementor-top-column elementor-element elementor-element-69e0ae1f\" data-id=\"69e0ae1f\" data-element_type=\"column\" data-e-type=\"column\">\n\t\t\t<div class=\"elementor-widget-wrap\">\n\t\t\t\t\t\t\t<\/div>\n\t\t<\/div>\n\t\t\t\t<div class=\"elementor-column elementor-col-25 elementor-top-column elementor-element elementor-element-4a83e379\" data-id=\"4a83e379\" data-element_type=\"column\" data-e-type=\"column\">\n\t\t\t<div class=\"elementor-widget-wrap elementor-element-populated\">\n\t\t\t\t\t\t<div class=\"elementor-element elementor-element-680164e elementor-widget elementor-widget-heading\" data-id=\"680164e\" data-element_type=\"widget\" data-e-type=\"widget\" data-widget_type=\"heading.default\">\n\t\t\t\t<div class=\"elementor-widget-container\">\n\t\t\t\t\t<h3 class=\"elementor-heading-title elementor-size-default\"><a href=\"https:\/\/grandvisions.de\/fotograf-berlin\">Weitere Fotografie-Leistungen<\/a><\/h3>\t\t\t\t<\/div>\n\t\t\t\t<\/div>\n\t\t\t\t\t<\/div>\n\t\t<\/div>\n\t\t\t\t<div class=\"elementor-column elementor-col-25 elementor-top-column elementor-element elementor-element-419ce43\" data-id=\"419ce43\" data-element_type=\"column\" data-e-type=\"column\">\n\t\t\t<div class=\"elementor-widget-wrap elementor-element-populated\">\n\t\t\t\t\t\t<div class=\"elementor-element elementor-element-7e874065 elementor-widget elementor-widget-image\" data-id=\"7e874065\" data-element_type=\"widget\" data-e-type=\"widget\" data-widget_type=\"image.default\">\n\t\t\t\t<div class=\"elementor-widget-container\">\n\t\t\t\t\t\t\t\t\t\t\t\t\t\t\t\t<a href=\"https:\/\/grandvisions.de\/fotograf-berlin\">\n\t\t\t\t\t\t\t<img decoding=\"async\" width=\"298\" height=\"298\" src=\"https:\/\/grandvisions.de\/wp-content\/uploads\/2023\/05\/Anfuehrungszeichen-grau_rechts.png\" class=\"attachment-thumbnail size-thumbnail wp-image-15821\" alt=\"\" \/>\t\t\t\t\t\t\t\t<\/a>\n\t\t\t\t\t\t\t\t\t\t\t\t\t\t\t<\/div>\n\t\t\t\t<\/div>\n\t\t\t\t\t<\/div>\n\t\t<\/div>\n\t\t\t\t<div class=\"elementor-column elementor-col-25 elementor-top-column elementor-element elementor-element-15b38605\" data-id=\"15b38605\" data-element_type=\"column\" data-e-type=\"column\">\n\t\t\t<div class=\"elementor-widget-wrap\">\n\t\t\t\t\t\t\t<\/div>\n\t\t<\/div>\n\t\t\t\t\t<\/div>\n\t\t<\/section>\n\t\t\t\t<section class=\"elementor-section elementor-top-section elementor-element elementor-element-132ed539 elementor-section-boxed elementor-section-height-default elementor-section-height-default\" data-id=\"132ed539\" data-element_type=\"section\" data-e-type=\"section\">\n\t\t\t\t\t\t<div class=\"elementor-container elementor-column-gap-default\">\n\t\t\t\t\t<div class=\"elementor-column elementor-col-100 elementor-top-column elementor-element elementor-element-12268cdc\" data-id=\"12268cdc\" data-element_type=\"column\" data-e-type=\"column\">\n\t\t\t<div class=\"elementor-widget-wrap elementor-element-populated\">\n\t\t\t\t\t\t<div class=\"elementor-element elementor-element-384904ae elementor-widget elementor-widget-spacer\" data-id=\"384904ae\" data-element_type=\"widget\" data-e-type=\"widget\" data-widget_type=\"spacer.default\">\n\t\t\t\t<div class=\"elementor-widget-container\">\n\t\t\t\t\t\t\t<div class=\"elementor-spacer\">\n\t\t\t<div class=\"elementor-spacer-inner\"><\/div>\n\t\t<\/div>\n\t\t\t\t\t\t<\/div>\n\t\t\t\t<\/div>\n\t\t\t\t\t<\/div>\n\t\t<\/div>\n\t\t\t\t\t<\/div>\n\t\t<\/section>\n\t\t\t\t<\/div>\n\t\t","protected":false},"excerpt":{"rendered":"<p>DEIN KONGRESSFOTOGRAFIN BERLIN &amp; HAMBURG KONGRESSFOTOGRAFIE MUSS BEEINDRUCKEN! Herausragende Kongressfotografie \u2013 unverzichtbar und oft untersch\u00e4tzt. Wir bieten einen individuell abgestimmten Ansatz f\u00fcr Deinen Kongress. Durch enge Zusammenarbeit mit unseren Kunden erfassen wir deren Vision und spezifische W\u00fcnsche. Unser Ziel: Bilder, die nicht nur dokumentieren, sondern eine Geschichte erz\u00e4hlen, die Werte Deiner Marke widerspiegeln und die [&hellip;]<\/p>\n","protected":false},"author":1,"featured_media":8260,"parent":0,"menu_order":15,"comment_status":"closed","ping_status":"closed","template":"","meta":{"footnotes":""},"class_list":["post-20718","page","type-page","status-publish","has-post-thumbnail","hentry"],"yoast_head":"<!-- This site is optimized with the Yoast SEO plugin v27.5 - https:\/\/yoast.com\/product\/yoast-seo-wordpress\/ -->\n<title>Kongressfotograf Berlin \u2013 Kongressfotografie die beeindruckt!<\/title>\n<meta name=\"description\" content=\"Kongressfotograf Berlin. Kongresse sollten mit professionellen Fotos festgehalten werden. Vertraue auf 15 Jahre Kongressfotografie-Erfahrung!\" \/>\n<meta name=\"robots\" content=\"index, follow, max-snippet:-1, max-image-preview:large, max-video-preview:-1\" \/>\n<link rel=\"canonical\" href=\"https:\/\/grandvisions.de\/en\/kongress-fotografie\/\" \/>\n<meta property=\"og:locale\" content=\"en_US\" \/>\n<meta property=\"og:type\" content=\"article\" \/>\n<meta property=\"og:title\" content=\"Kongressfotograf Berlin \u2013 Kongressfotografie die beeindruckt!\" \/>\n<meta property=\"og:description\" content=\"Kongressfotograf Berlin. Kongresse sollten mit professionellen Fotos festgehalten werden. Vertraue auf 15 Jahre Kongressfotografie-Erfahrung!\" \/>\n<meta property=\"og:url\" content=\"https:\/\/grandvisions.de\/en\/kongress-fotografie\/\" \/>\n<meta property=\"og:site_name\" content=\"Fotografie und Videoproduktion in Berlin &amp; Hamburg\" \/>\n<meta property=\"article:publisher\" content=\"https:\/\/www.facebook.com\/GRAND.VISIONS.FOTOGRAFIE.BERLIN\" \/>\n<meta property=\"article:modified_time\" content=\"2024-12-04T15:52:08+00:00\" \/>\n<meta property=\"og:image\" content=\"https:\/\/grandvisions.de\/wp-content\/uploads\/2021\/04\/Fotograf-Berlin-Event.jpg\" \/>\n\t<meta property=\"og:image:width\" content=\"1000\" \/>\n\t<meta property=\"og:image:height\" content=\"563\" \/>\n\t<meta property=\"og:image:type\" content=\"image\/jpeg\" \/>\n<meta name=\"twitter:card\" content=\"summary_large_image\" \/>\n<meta name=\"twitter:label1\" content=\"Est. reading time\" \/>\n\t<meta name=\"twitter:data1\" content=\"2 minutes\" \/>\n<script type=\"application\/ld+json\" class=\"yoast-schema-graph\">{\"@context\":\"https:\\\/\\\/schema.org\",\"@graph\":[{\"@type\":\"WebPage\",\"@id\":\"https:\\\/\\\/grandvisions.de\\\/kongress-fotografie\\\/\",\"url\":\"https:\\\/\\\/grandvisions.de\\\/kongress-fotografie\\\/\",\"name\":\"Kongressfotograf Berlin \u2013 Kongressfotografie die beeindruckt!\",\"isPartOf\":{\"@id\":\"https:\\\/\\\/grandvisions.de\\\/#website\"},\"primaryImageOfPage\":{\"@id\":\"https:\\\/\\\/grandvisions.de\\\/kongress-fotografie\\\/#primaryimage\"},\"image\":{\"@id\":\"https:\\\/\\\/grandvisions.de\\\/kongress-fotografie\\\/#primaryimage\"},\"thumbnailUrl\":\"https:\\\/\\\/grandvisions.de\\\/wp-content\\\/uploads\\\/2021\\\/04\\\/Fotograf-Berlin-Event.jpg\",\"datePublished\":\"2024-12-04T11:01:00+00:00\",\"dateModified\":\"2024-12-04T15:52:08+00:00\",\"description\":\"Kongressfotograf Berlin. Kongresse sollten mit professionellen Fotos festgehalten werden. Vertraue auf 15 Jahre Kongressfotografie-Erfahrung!\",\"breadcrumb\":{\"@id\":\"https:\\\/\\\/grandvisions.de\\\/kongress-fotografie\\\/#breadcrumb\"},\"inLanguage\":\"en-US\",\"potentialAction\":[{\"@type\":\"ReadAction\",\"target\":[\"https:\\\/\\\/grandvisions.de\\\/kongress-fotografie\\\/\"]}]},{\"@type\":\"ImageObject\",\"inLanguage\":\"en-US\",\"@id\":\"https:\\\/\\\/grandvisions.de\\\/kongress-fotografie\\\/#primaryimage\",\"url\":\"https:\\\/\\\/grandvisions.de\\\/wp-content\\\/uploads\\\/2021\\\/04\\\/Fotograf-Berlin-Event.jpg\",\"contentUrl\":\"https:\\\/\\\/grandvisions.de\\\/wp-content\\\/uploads\\\/2021\\\/04\\\/Fotograf-Berlin-Event.jpg\",\"width\":1000,\"height\":563,\"caption\":\"Fotograf Berlin - Event\"},{\"@type\":\"BreadcrumbList\",\"@id\":\"https:\\\/\\\/grandvisions.de\\\/kongress-fotografie\\\/#breadcrumb\",\"itemListElement\":[{\"@type\":\"ListItem\",\"position\":1,\"name\":\"Home\",\"item\":\"https:\\\/\\\/grandvisions.de\\\/\"},{\"@type\":\"ListItem\",\"position\":2,\"name\":\"Kongressfotografie\"}]},{\"@type\":\"WebSite\",\"@id\":\"https:\\\/\\\/grandvisions.de\\\/#website\",\"url\":\"https:\\\/\\\/grandvisions.de\\\/\",\"name\":\"Fotografie und Videoproduktion in Berlin & Hamburg\",\"description\":\"Professionelle Foto- &amp; Videoproduktionen\",\"publisher\":{\"@id\":\"https:\\\/\\\/grandvisions.de\\\/#organization\"},\"alternateName\":\"GRAND VISIONS\",\"potentialAction\":[{\"@type\":\"SearchAction\",\"target\":{\"@type\":\"EntryPoint\",\"urlTemplate\":\"https:\\\/\\\/grandvisions.de\\\/?s={search_term_string}\"},\"query-input\":{\"@type\":\"PropertyValueSpecification\",\"valueRequired\":true,\"valueName\":\"search_term_string\"}}],\"inLanguage\":\"en-US\"},{\"@type\":\"Organization\",\"@id\":\"https:\\\/\\\/grandvisions.de\\\/#organization\",\"name\":\"Fotografie und Videoproduktion in Berlin & Hamburg\",\"alternateName\":\"GRAND VISIONS\",\"url\":\"https:\\\/\\\/grandvisions.de\\\/\",\"logo\":{\"@type\":\"ImageObject\",\"inLanguage\":\"en-US\",\"@id\":\"https:\\\/\\\/grandvisions.de\\\/#\\\/schema\\\/logo\\\/image\\\/\",\"url\":\"https:\\\/\\\/grandvisions.de\\\/wp-content\\\/uploads\\\/2024\\\/05\\\/GRAND_VISIONS_512x512.png\",\"contentUrl\":\"https:\\\/\\\/grandvisions.de\\\/wp-content\\\/uploads\\\/2024\\\/05\\\/GRAND_VISIONS_512x512.png\",\"width\":512,\"height\":512,\"caption\":\"Fotografie und Videoproduktion in Berlin & Hamburg\"},\"image\":{\"@id\":\"https:\\\/\\\/grandvisions.de\\\/#\\\/schema\\\/logo\\\/image\\\/\"},\"sameAs\":[\"https:\\\/\\\/www.facebook.com\\\/GRAND.VISIONS.FOTOGRAFIE.BERLIN\",\"https:\\\/\\\/www.instagram.com\\\/grandvisions_com\",\"https:\\\/\\\/www.linkedin.com\\\/company\\\/grand-visions\\\/\"]}]}<\/script>\n<!-- \/ Yoast SEO plugin. -->","yoast_head_json":{"title":"Kongressfotograf Berlin \u2013 Kongressfotografie die beeindruckt!","description":"Kongressfotograf Berlin. Kongresse sollten mit professionellen Fotos festgehalten werden. Vertraue auf 15 Jahre Kongressfotografie-Erfahrung!","robots":{"index":"index","follow":"follow","max-snippet":"max-snippet:-1","max-image-preview":"max-image-preview:large","max-video-preview":"max-video-preview:-1"},"canonical":"https:\/\/grandvisions.de\/en\/kongress-fotografie\/","og_locale":"en_US","og_type":"article","og_title":"Kongressfotograf Berlin \u2013 Kongressfotografie die beeindruckt!","og_description":"Kongressfotograf Berlin. Kongresse sollten mit professionellen Fotos festgehalten werden. Vertraue auf 15 Jahre Kongressfotografie-Erfahrung!","og_url":"https:\/\/grandvisions.de\/en\/kongress-fotografie\/","og_site_name":"Fotografie und Videoproduktion in Berlin &amp; Hamburg","article_publisher":"https:\/\/www.facebook.com\/GRAND.VISIONS.FOTOGRAFIE.BERLIN","article_modified_time":"2024-12-04T15:52:08+00:00","og_image":[{"width":1000,"height":563,"url":"https:\/\/grandvisions.de\/wp-content\/uploads\/2021\/04\/Fotograf-Berlin-Event.jpg","type":"image\/jpeg"}],"twitter_card":"summary_large_image","twitter_misc":{"Est. reading time":"2 minutes"},"schema":{"@context":"https:\/\/schema.org","@graph":[{"@type":"WebPage","@id":"https:\/\/grandvisions.de\/kongress-fotografie\/","url":"https:\/\/grandvisions.de\/kongress-fotografie\/","name":"Kongressfotograf Berlin \u2013 Kongressfotografie die beeindruckt!","isPartOf":{"@id":"https:\/\/grandvisions.de\/#website"},"primaryImageOfPage":{"@id":"https:\/\/grandvisions.de\/kongress-fotografie\/#primaryimage"},"image":{"@id":"https:\/\/grandvisions.de\/kongress-fotografie\/#primaryimage"},"thumbnailUrl":"https:\/\/grandvisions.de\/wp-content\/uploads\/2021\/04\/Fotograf-Berlin-Event.jpg","datePublished":"2024-12-04T11:01:00+00:00","dateModified":"2024-12-04T15:52:08+00:00","description":"Kongressfotograf Berlin. Kongresse sollten mit professionellen Fotos festgehalten werden. Vertraue auf 15 Jahre Kongressfotografie-Erfahrung!","breadcrumb":{"@id":"https:\/\/grandvisions.de\/kongress-fotografie\/#breadcrumb"},"inLanguage":"en-US","potentialAction":[{"@type":"ReadAction","target":["https:\/\/grandvisions.de\/kongress-fotografie\/"]}]},{"@type":"ImageObject","inLanguage":"en-US","@id":"https:\/\/grandvisions.de\/kongress-fotografie\/#primaryimage","url":"https:\/\/grandvisions.de\/wp-content\/uploads\/2021\/04\/Fotograf-Berlin-Event.jpg","contentUrl":"https:\/\/grandvisions.de\/wp-content\/uploads\/2021\/04\/Fotograf-Berlin-Event.jpg","width":1000,"height":563,"caption":"Fotograf Berlin - Event"},{"@type":"BreadcrumbList","@id":"https:\/\/grandvisions.de\/kongress-fotografie\/#breadcrumb","itemListElement":[{"@type":"ListItem","position":1,"name":"Home","item":"https:\/\/grandvisions.de\/"},{"@type":"ListItem","position":2,"name":"Kongressfotografie"}]},{"@type":"WebSite","@id":"https:\/\/grandvisions.de\/#website","url":"https:\/\/grandvisions.de\/","name":"Fotografie und Videoproduktion in Berlin & Hamburg","description":"Professionelle Foto- &amp; Videoproduktionen","publisher":{"@id":"https:\/\/grandvisions.de\/#organization"},"alternateName":"GRAND VISIONS","potentialAction":[{"@type":"SearchAction","target":{"@type":"EntryPoint","urlTemplate":"https:\/\/grandvisions.de\/?s={search_term_string}"},"query-input":{"@type":"PropertyValueSpecification","valueRequired":true,"valueName":"search_term_string"}}],"inLanguage":"en-US"},{"@type":"Organization","@id":"https:\/\/grandvisions.de\/#organization","name":"Fotografie und Videoproduktion in Berlin & Hamburg","alternateName":"GRAND VISIONS","url":"https:\/\/grandvisions.de\/","logo":{"@type":"ImageObject","inLanguage":"en-US","@id":"https:\/\/grandvisions.de\/#\/schema\/logo\/image\/","url":"https:\/\/grandvisions.de\/wp-content\/uploads\/2024\/05\/GRAND_VISIONS_512x512.png","contentUrl":"https:\/\/grandvisions.de\/wp-content\/uploads\/2024\/05\/GRAND_VISIONS_512x512.png","width":512,"height":512,"caption":"Fotografie und Videoproduktion in Berlin & Hamburg"},"image":{"@id":"https:\/\/grandvisions.de\/#\/schema\/logo\/image\/"},"sameAs":["https:\/\/www.facebook.com\/GRAND.VISIONS.FOTOGRAFIE.BERLIN","https:\/\/www.instagram.com\/grandvisions_com","https:\/\/www.linkedin.com\/company\/grand-visions\/"]}]}},"_links":{"self":[{"href":"https:\/\/grandvisions.de\/en\/wp-json\/wp\/v2\/pages\/20718","targetHints":{"allow":["GET"]}}],"collection":[{"href":"https:\/\/grandvisions.de\/en\/wp-json\/wp\/v2\/pages"}],"about":[{"href":"https:\/\/grandvisions.de\/en\/wp-json\/wp\/v2\/types\/page"}],"author":[{"embeddable":true,"href":"https:\/\/grandvisions.de\/en\/wp-json\/wp\/v2\/users\/1"}],"replies":[{"embeddable":true,"href":"https:\/\/grandvisions.de\/en\/wp-json\/wp\/v2\/comments?post=20718"}],"version-history":[{"count":10,"href":"https:\/\/grandvisions.de\/en\/wp-json\/wp\/v2\/pages\/20718\/revisions"}],"predecessor-version":[{"id":20763,"href":"https:\/\/grandvisions.de\/en\/wp-json\/wp\/v2\/pages\/20718\/revisions\/20763"}],"wp:featuredmedia":[{"embeddable":true,"href":"https:\/\/grandvisions.de\/en\/wp-json\/wp\/v2\/media\/8260"}],"wp:attachment":[{"href":"https:\/\/grandvisions.de\/en\/wp-json\/wp\/v2\/media?parent=20718"}],"curies":[{"name":"wp","href":"https:\/\/api.w.org\/{rel}","templated":true}]}}